{"id":5230,"date":"2024-03-24T17:24:25","date_gmt":"2024-03-24T16:24:25","guid":{"rendered":"https:\/\/www.italienisch-werkstatt.de\/?page_id=5230"},"modified":"2026-02-21T12:19:38","modified_gmt":"2026-02-21T11:19:38","slug":"bildungsurlaub-und-intensiv-termine","status":"publish","type":"page","link":"https:\/\/www.italienisch-werkstatt.de\/en\/bildungsurlaub-und-intensiv-termine","title":{"rendered":"Intensiv- und Bildungsurlaubskurse &#8211; Termine"},"content":{"rendered":"<section class=\"l-section wpb_row height_auto color_alternate\" id=\"A1\"><div class=\"l-section-h i-cf\"><div class=\"g-cols vc_row via_flex valign_top type_default stacking_default\"><div class=\"vc_col-sm-9 wpb_column vc_column_container\"><div class=\"vc_column-inner\"><div class=\"wpb_wrapper\"><div class=\"w-separator size_small\"><\/div><div class=\"wpb_text_column\"><div class=\"wpb_wrapper\"><h1>Intensiv- und Bildungsurlaubskurse<\/h1>\n<\/div><\/div><\/div><\/div><\/div><div class=\"vc_col-sm-3 wpb_column vc_column_container\"><div class=\"vc_column-inner\"><div class=\"wpb_wrapper\"><div class=\"w-separator size_small\"><\/div><div class=\"w-btn-wrapper align_center\"><a class=\"w-btn us-btn-style_3 us_custom_3090c82c\" title=\"Aktuelle Termine\" href=\"https:\/\/www.italienisch-werkstatt.de\/sprachkurse-italienisch\"><span class=\"w-btn-label\">Alle Kurse zeigen<\/span><\/a><\/div><\/div><\/div><\/div><\/div><\/div><\/section><section class=\"l-section wpb_row height_small\"><div class=\"l-section-h i-cf\"><div class=\"g-cols vc_row via_flex valign_top type_default stacking_default\"><div class=\"vc_col-sm-12 wpb_column vc_column_container\"><div class=\"vc_column-inner\"><div class=\"wpb_wrapper\"><div class=\"wpb_text_column us_custom_7859b837\"><div class=\"wpb_wrapper\"><table style=\"border-collapse: collapse; width: 100%; height: 23px;\">\n<tbody>\n<tr style=\"height: 23px; background-color: #00470f;\">\n<td style=\"width: 50%; height: 23px; text-align: left;\"><span style=\"color: #ffffff;\"><strong>Kurs \/ Status<\/strong><\/span><\/td>\n<td style=\"width: 50%; height: 23px; text-align: left;\"><span style=\"color: #ffffff;\"><strong>Modalit\u00e4t<\/strong><\/span><\/td>\n<td style=\"width: 31.3594%;\"><\/td>\n<\/tr>\n<\/tbody>\n<\/table>\n<\/div><\/div><div class=\"w-grid us_product_list type_grid layout_1391 cols_1 preload_style_none\" id=\"us_product_list_ve2c\" style=\"--columns:1;--gap:1.5rem;\"><style>.layout_1391 .w-grid-item-h{}.layout_1391 .usg_vwrapper_1{transition-duration:0.3s;transform-origin:50% 50%;transform:scale(1) translate(0%,0%)}.layout_1391 .w-grid-item-h:focus-within .usg_vwrapper_1,.layout_1391 .w-grid-item-h:hover .usg_vwrapper_1{transform:scale(1) translate(0%,0%);opacity:1;background:#f5f5f5!important}@media(max-width:679px){.layout_1391 .usg_vwrapper_1{display:none!important}}@media(min-width:682px){.layout_1391 .usg_vwrapper_2{display:none!important}}.layout_1391 .usg_hwrapper_3{transition-duration:0.3s;transform-origin:50% 50%;transform:scale(1) translate(0%,0%)}.layout_1391 .w-grid-item-h:focus-within .usg_hwrapper_3,.layout_1391 .w-grid-item-h:hover .usg_hwrapper_3{transform:scale(1) translate(0%,0%);opacity:1;background:#f5f5f5!important}.layout_1391 .usg_post_custom_field_2{text-align:left!important}.layout_1391 .usg_post_custom_field_3{color:#960f0f!important;text-align:left!important;font-size:1.2rem!important}.layout_1391 .usg_hwrapper_5{width:100%!important;margin-bottom:20px!important}.layout_1391 .usg_post_taxonomy_1{color:#960f0f!important;text-align:left!important;font-size:1.6rem!important;font-weight:900!important}.layout_1391 .usg_post_title_2{text-align:left!important;margin-top:-5px!important}.layout_1391 .usg_vwrapper_1{margin-top:0!important;margin-bottom:0!important;padding-left:25px!important;padding-top:20px!important;padding-bottom:20px!important;border-bottom-width:2px!important;border-color:#00470F!important;border-bottom-style:dashed!important}.layout_1391 .usg_vwrapper_2{padding-bottom:20px!important;border-bottom-width:2px!important;border-color:#00470F!important;border-bottom-style:dashed!important}.layout_1391 .usg_hwrapper_3{width:100%!important;margin-bottom:10px!important;padding-left:20px!important}.layout_1391 .usg_post_taxonomy_2{color:#960f0f!important;text-align:left!important;font-size:1.1rem!important;font-weight:900!important;width:22%!important}.layout_1391 .usg_post_title_1{color:var(--color-header-middle-text)!important;font-size:1.1rem!important;font-weight:600!important;width:78%!important}.layout_1391 .usg_post_custom_field_5{color:#960f0f!important;text-align:left!important;font-size:1rem!important}.layout_1391 .usg_post_custom_field_6{text-align:left!important;font-size:1rem!important}.layout_1391 .usg_hwrapper_6{width:100%!important}.layout_1391 .usg_post_custom_field_10{text-align:left!important;font-size:1rem!important}.layout_1391 .usg_post_custom_field_11{color:#00470f!important;text-align:left!important;font-weight:700!important;font-size:1rem!important}.layout_1391 .usg_btn_3{font-size:16px!important;line-height:2!important;width:100%!important}.layout_1391 .usg_hwrapper_7{width:100%!important;padding-left:20px!important;padding-bottom:20px!important}.layout_1391 .usg_vwrapper_7{width:50%!important}.layout_1391 .usg_vwrapper_8{width:50%!important}.layout_1391 .usg_post_custom_field_7{background:var(--color-content-link-hover)!important}.layout_1391 .usg_post_custom_field_8{margin-bottom:5px!important;background:var(--color-content-link-hover)!important}.layout_1391 .usg_post_custom_field_9{color:var(--color-content-text)!important;text-align:left!important;margin-top:5px!important;background:#ffff00!important}.layout_1391 .usg_post_custom_field_12{color:var(--color-content-text)!important;text-align:left!important;margin-top:5px!important;background:#ffff00!important}.layout_1391 .usg_hwrapper_10{width:100%!important}.layout_1391 .usg_vwrapper_12{width:50%!important}.layout_1391 .usg_post_custom_field_13{text-align:left!important}.layout_1391 .usg_vwrapper_13{width:25%!important}.layout_1391 .usg_post_custom_field_14{color:#00470f!important;text-align:left!important;font-weight:500!important;font-size:1.5rem!important;margin-left:10px!important}.layout_1391 .usg_vwrapper_14{width:25%!important}.layout_1391 .usg_post_custom_field_1{text-align:left!important;font-size:0.8rem!important}.layout_1391 .usg_post_custom_field_4{text-align:left!important;font-size:1rem!important}<\/style><div class=\"w-grid-list\">\t<article class=\"w-grid-item size_1x1 post-8731 product type-product status-publish has-post-thumbnail product_brand-praesenz product_cat-a1-1 product_tag-praesenz-unterricht product_tag-intensiv product_tag-display first instock virtual purchasable product-type-simple\" data-id=\"8731\">\r\n\t\t<div class=\"w-grid-item-h\">\r\n\t\t\t\t\t\t<div class=\"w-vwrapper usg_vwrapper_1 align_left valign_middle\" style=\"--vwrapper-gap:0\"><div class=\"w-hwrapper usg_hwrapper_5 align_left valign_top\" style=\"--hwrapper-gap:1.2rem\"><div class=\"w-vwrapper usg_vwrapper_8 align_left valign_top\" style=\"--vwrapper-gap:0.7rem\"><div class=\"w-hwrapper usg_hwrapper_9 align_left valign_top\" style=\"--hwrapper-gap:1.2rem\"><div class=\"w-post-elm post_taxonomy usg_post_taxonomy_1 has_text_color style_simple color_link_inherit\"><a class=\"term-29 term-a1-1\" href=\"https:\/\/www.italienisch-werkstatt.de\/en\/kurs-category\/a1-1\">A1.1<\/a><\/div><h3 class=\"w-post-elm post_title usg_post_title_2 woocommerce-loop-product__title color_link_inherit\"><a href=\"https:\/\/www.italienisch-werkstatt.de\/en\/kurs\/a12606-sommerintensiv\">Anf\u00e4nger ohne Vorkenntnisse &#8211; Sommerintensiv!<\/a><\/h3><\/div><\/div><div class=\"w-vwrapper usg_vwrapper_7 align_left valign_top\" style=\"--vwrapper-gap:0.7rem\"><div class=\"w-post-elm post_custom_field usg_post_custom_field_3 has_text_color type_text onlineprasenz color_link_inherit\"><span class=\"w-post-elm-value\">Pr\u00e4senz-Unterricht<\/span><\/div><\/div><\/div><div class=\"w-hwrapper usg_hwrapper_10 align_left valign_top\" style=\"--hwrapper-gap:1.2rem\"><div class=\"w-vwrapper usg_vwrapper_12 align_left valign_top\" style=\"--vwrapper-gap:0.7rem\"><div class=\"w-post-elm post_custom_field usg_post_custom_field_13 type_text wann_ color_link_inherit\"><span class=\"w-post-elm-value\">5 x Mo+Do, 10:00-12:15 Uhr<\/span><\/div><\/div><div class=\"w-vwrapper usg_vwrapper_13 align_left valign_top\" style=\"--vwrapper-gap:0.7rem\"><div class=\"w-post-elm post_custom_field usg_post_custom_field_14 has_text_color type_text status color_link_inherit\"><span class=\"w-post-elm-value\">Neu<\/span><\/div><\/div><div class=\"w-vwrapper usg_vwrapper_14 align_left valign_top\" style=\"--vwrapper-gap:0.7rem\"><a class=\"w-btn us-btn-style_1 usg_btn_2 icon_atleft\" href=\"https:\/\/www.italienisch-werkstatt.de\/en\/kurs\/a12606-sommerintensiv\"><i class=\"fas fa-list\"><\/i><span class=\"w-btn-label\">Info und Anmeldung<\/span><\/a><\/div><\/div><div class=\"w-hwrapper usg_hwrapper_2 align_left valign_top\" style=\"--hwrapper-gap:1.2rem\"><div class=\"w-vwrapper usg_vwrapper_10 align_left valign_top\" style=\"--vwrapper-gap:0.7rem\"><div class=\"w-post-elm post_custom_field usg_post_custom_field_2 type_text beginn color_link_inherit\"><span class=\"w-post-elm-value\"><b>Beginn: <\/b>22.06.2026<\/span><\/div><\/div><\/div><div class=\"w-hwrapper usg_hwrapper_1 align_left valign_top\" style=\"--hwrapper-gap:1.2rem\"><div class=\"w-vwrapper usg_vwrapper_5 align_left valign_top\" style=\"--vwrapper-gap:0.7rem\"><div class=\"w-post-elm post_custom_field usg_post_custom_field_1 type_text standort color_link_inherit\"><span class=\"w-post-elm-before\">Standort: <\/span><span class=\"w-post-elm-value\">Go\u00dflerstra\u00dfe 10, 12161 Berlin<\/span><\/div><\/div><\/div><div class=\"w-hwrapper usg_hwrapper_4 align_left valign_top\" style=\"--hwrapper-gap:1.2rem\"><div class=\"w-vwrapper usg_vwrapper_4 align_left valign_top\" style=\"--vwrapper-gap:0.7rem\"><\/div><\/div><div class=\"w-hwrapper usg_hwrapper_8 align_left valign_top\" style=\"--hwrapper-gap:1.2rem\"><div class=\"w-vwrapper usg_vwrapper_11 align_left valign_top\" style=\"--vwrapper-gap:0.7rem\"><\/div><\/div><\/div><div class=\"w-vwrapper usg_vwrapper_2 align_left valign_top\" style=\"--vwrapper-gap:0\"><div class=\"w-hwrapper usg_hwrapper_7 align_left valign_top\" style=\"--hwrapper-gap:1.2rem\"><div class=\"w-post-elm post_taxonomy usg_post_taxonomy_2 has_text_color style_simple color_link_inherit\"><a class=\"term-29 term-a1-1\" href=\"https:\/\/www.italienisch-werkstatt.de\/en\/kurs-category\/a1-1\">A1.1<\/a><\/div><p class=\"w-post-elm post_title usg_post_title_1 has_text_color woocommerce-loop-product__title color_link_inherit\"><a href=\"https:\/\/www.italienisch-werkstatt.de\/en\/kurs\/a12606-sommerintensiv\">Anf\u00e4nger ohne Vorkenntnisse &#8211; Sommerintensiv!<\/a><\/p><\/div><div class=\"w-hwrapper usg_hwrapper_3 align_left valign_middle\" style=\"--hwrapper-gap:1.2rem\"><div class=\"w-vwrapper usg_vwrapper_3 align_left valign_bottom\" style=\"--vwrapper-gap:0.7rem\"><div class=\"w-post-elm post_custom_field usg_post_custom_field_11 has_text_color type_text status color_link_inherit\"><span class=\"w-post-elm-value\">Neu<\/span><\/div><div class=\"w-post-elm post_custom_field usg_post_custom_field_5 has_text_color type_text onlineprasenz color_link_inherit\"><span class=\"w-post-elm-value\">Pr\u00e4senz-Unterricht<\/span><\/div><div class=\"w-post-elm post_custom_field usg_post_custom_field_6 type_text wann_ color_link_inherit\"><span class=\"w-post-elm-value\">5 x Mo+Do, 10:00-12:15 Uhr<\/span><\/div><div class=\"w-post-elm post_custom_field usg_post_custom_field_10 type_text beginn color_link_inherit\"><span class=\"w-post-elm-value\"><b>Beginn: <\/b>22.06.2026<\/span><\/div><div class=\"w-post-elm post_custom_field usg_post_custom_field_4 type_text standort color_link_inherit\"><span class=\"w-post-elm-before\">Standort: <\/span><span class=\"w-post-elm-value\">Go\u00dflerstra\u00dfe 10, 12161 Berlin<\/span><\/div><\/div><\/div><div class=\"w-hwrapper usg_hwrapper_6 align_left valign_bottom\" style=\"--hwrapper-gap:1.2rem\"><a class=\"w-btn us-btn-style_1 usg_btn_3 icon_atleft\" href=\"https:\/\/www.italienisch-werkstatt.de\/en\/kurs\/a12606-sommerintensiv\"><i class=\"fas fa-list\"><\/i><span class=\"w-btn-label\">Info und Anmeldung<\/span><\/a><\/div><\/div>\t\t<\/div>\r\n\t\t\t<\/article>\r\n\t<article class=\"w-grid-item size_1x1 post-8747 product type-product status-publish has-post-thumbnail product_brand-praesenz product_cat-a1-1 product_tag-praesenz-unterricht product_tag-intensiv product_tag-display  instock virtual purchasable product-type-simple\" data-id=\"8747\">\r\n\t\t<div class=\"w-grid-item-h\">\r\n\t\t\t\t\t\t<div class=\"w-vwrapper usg_vwrapper_1 align_left valign_middle\" style=\"--vwrapper-gap:0\"><div class=\"w-hwrapper usg_hwrapper_5 align_left valign_top\" style=\"--hwrapper-gap:1.2rem\"><div class=\"w-vwrapper usg_vwrapper_8 align_left valign_top\" style=\"--vwrapper-gap:0.7rem\"><div class=\"w-hwrapper usg_hwrapper_9 align_left valign_top\" style=\"--hwrapper-gap:1.2rem\"><div class=\"w-post-elm post_taxonomy usg_post_taxonomy_1 has_text_color style_simple color_link_inherit\"><a class=\"term-29 term-a1-1\" href=\"https:\/\/www.italienisch-werkstatt.de\/en\/kurs-category\/a1-1\">A1.1<\/a><\/div><h3 class=\"w-post-elm post_title usg_post_title_2 woocommerce-loop-product__title color_link_inherit\"><a href=\"https:\/\/www.italienisch-werkstatt.de\/en\/kurs\/a12608-sommer-semiintensiv\">Anf\u00e4nger ohne Vorkenntnisse &#8211; Sommer-Semiintensiv!<\/a><\/h3><\/div><\/div><div class=\"w-vwrapper usg_vwrapper_7 align_left valign_top\" style=\"--vwrapper-gap:0.7rem\"><div class=\"w-post-elm post_custom_field usg_post_custom_field_3 has_text_color type_text onlineprasenz color_link_inherit\"><span class=\"w-post-elm-value\">Pr\u00e4senz-Unterricht<\/span><\/div><\/div><\/div><div class=\"w-hwrapper usg_hwrapper_10 align_left valign_top\" style=\"--hwrapper-gap:1.2rem\"><div class=\"w-vwrapper usg_vwrapper_12 align_left valign_top\" style=\"--vwrapper-gap:0.7rem\"><div class=\"w-post-elm post_custom_field usg_post_custom_field_13 type_text wann_ color_link_inherit\"><span class=\"w-post-elm-value\">3 x Mo+Mi+Do, 18:00-19:30<\/span><\/div><\/div><div class=\"w-vwrapper usg_vwrapper_13 align_left valign_top\" style=\"--vwrapper-gap:0.7rem\"><div class=\"w-post-elm post_custom_field usg_post_custom_field_14 has_text_color type_text status color_link_inherit\"><span class=\"w-post-elm-value\">Neu<\/span><\/div><\/div><div class=\"w-vwrapper usg_vwrapper_14 align_left valign_top\" style=\"--vwrapper-gap:0.7rem\"><a class=\"w-btn us-btn-style_1 usg_btn_2 icon_atleft\" href=\"https:\/\/www.italienisch-werkstatt.de\/en\/kurs\/a12608-sommer-semiintensiv\"><i class=\"fas fa-list\"><\/i><span class=\"w-btn-label\">Info und Anmeldung<\/span><\/a><\/div><\/div><div class=\"w-hwrapper usg_hwrapper_2 align_left valign_top\" style=\"--hwrapper-gap:1.2rem\"><div class=\"w-vwrapper usg_vwrapper_10 align_left valign_top\" style=\"--vwrapper-gap:0.7rem\"><div class=\"w-post-elm post_custom_field usg_post_custom_field_2 type_text beginn color_link_inherit\"><span class=\"w-post-elm-value\"><b>Beginn: <\/b>20.07.2026<\/span><\/div><\/div><\/div><div class=\"w-hwrapper usg_hwrapper_1 align_left valign_top\" style=\"--hwrapper-gap:1.2rem\"><div class=\"w-vwrapper usg_vwrapper_5 align_left valign_top\" style=\"--vwrapper-gap:0.7rem\"><div class=\"w-post-elm post_custom_field usg_post_custom_field_1 type_text standort color_link_inherit\"><span class=\"w-post-elm-before\">Standort: <\/span><span class=\"w-post-elm-value\">Go\u00dflerstra\u00dfe 10, 12161 Berlin<\/span><\/div><\/div><\/div><div class=\"w-hwrapper usg_hwrapper_4 align_left valign_top\" style=\"--hwrapper-gap:1.2rem\"><div class=\"w-vwrapper usg_vwrapper_4 align_left valign_top\" style=\"--vwrapper-gap:0.7rem\"><\/div><\/div><div class=\"w-hwrapper usg_hwrapper_8 align_left valign_top\" style=\"--hwrapper-gap:1.2rem\"><div class=\"w-vwrapper usg_vwrapper_11 align_left valign_top\" style=\"--vwrapper-gap:0.7rem\"><\/div><\/div><\/div><div class=\"w-vwrapper usg_vwrapper_2 align_left valign_top\" style=\"--vwrapper-gap:0\"><div class=\"w-hwrapper usg_hwrapper_7 align_left valign_top\" style=\"--hwrapper-gap:1.2rem\"><div class=\"w-post-elm post_taxonomy usg_post_taxonomy_2 has_text_color style_simple color_link_inherit\"><a class=\"term-29 term-a1-1\" href=\"https:\/\/www.italienisch-werkstatt.de\/en\/kurs-category\/a1-1\">A1.1<\/a><\/div><p class=\"w-post-elm post_title usg_post_title_1 has_text_color woocommerce-loop-product__title color_link_inherit\"><a href=\"https:\/\/www.italienisch-werkstatt.de\/en\/kurs\/a12608-sommer-semiintensiv\">Anf\u00e4nger ohne Vorkenntnisse &#8211; Sommer-Semiintensiv!<\/a><\/p><\/div><div class=\"w-hwrapper usg_hwrapper_3 align_left valign_middle\" style=\"--hwrapper-gap:1.2rem\"><div class=\"w-vwrapper usg_vwrapper_3 align_left valign_bottom\" style=\"--vwrapper-gap:0.7rem\"><div class=\"w-post-elm post_custom_field usg_post_custom_field_11 has_text_color type_text status color_link_inherit\"><span class=\"w-post-elm-value\">Neu<\/span><\/div><div class=\"w-post-elm post_custom_field usg_post_custom_field_5 has_text_color type_text onlineprasenz color_link_inherit\"><span class=\"w-post-elm-value\">Pr\u00e4senz-Unterricht<\/span><\/div><div class=\"w-post-elm post_custom_field usg_post_custom_field_6 type_text wann_ color_link_inherit\"><span class=\"w-post-elm-value\">3 x Mo+Mi+Do, 18:00-19:30<\/span><\/div><div class=\"w-post-elm post_custom_field usg_post_custom_field_10 type_text beginn color_link_inherit\"><span class=\"w-post-elm-value\"><b>Beginn: <\/b>20.07.2026<\/span><\/div><div class=\"w-post-elm post_custom_field usg_post_custom_field_4 type_text standort color_link_inherit\"><span class=\"w-post-elm-before\">Standort: <\/span><span class=\"w-post-elm-value\">Go\u00dflerstra\u00dfe 10, 12161 Berlin<\/span><\/div><\/div><\/div><div class=\"w-hwrapper usg_hwrapper_6 align_left valign_bottom\" style=\"--hwrapper-gap:1.2rem\"><a class=\"w-btn us-btn-style_1 usg_btn_3 icon_atleft\" href=\"https:\/\/www.italienisch-werkstatt.de\/en\/kurs\/a12608-sommer-semiintensiv\"><i class=\"fas fa-list\"><\/i><span class=\"w-btn-label\">Info und Anmeldung<\/span><\/a><\/div><\/div>\t\t<\/div>\r\n\t\t\t<\/article>\r\n\t<article class=\"w-grid-item size_1x1 post-7658 product type-product status-publish has-post-thumbnail product_brand-praesenz product_brand-bildundungsurlaub product_cat-a1-1 product_tag-neu product_tag-praesenz-unterricht product_tag-bildungsurlaub-kurs product_tag-intensiv product_tag-display product_tag-gossler last instock virtual purchasable product-type-simple\" data-id=\"7658\">\r\n\t\t<div class=\"w-grid-item-h\">\r\n\t\t\t\t\t\t<div class=\"w-vwrapper usg_vwrapper_1 align_left valign_middle\" style=\"--vwrapper-gap:0\"><div class=\"w-hwrapper usg_hwrapper_5 align_left valign_top\" style=\"--hwrapper-gap:1.2rem\"><div class=\"w-vwrapper usg_vwrapper_8 align_left valign_top\" style=\"--vwrapper-gap:0.7rem\"><div class=\"w-hwrapper usg_hwrapper_9 align_left valign_top\" style=\"--hwrapper-gap:1.2rem\"><div class=\"w-post-elm post_taxonomy usg_post_taxonomy_1 has_text_color style_simple color_link_inherit\"><a class=\"term-29 term-a1-1\" href=\"https:\/\/www.italienisch-werkstatt.de\/en\/kurs-category\/a1-1\">A1.1<\/a><\/div><h3 class=\"w-post-elm post_title usg_post_title_2 woocommerce-loop-product__title color_link_inherit\"><a href=\"https:\/\/www.italienisch-werkstatt.de\/en\/kurs\/bu2519\">Anf\u00e4nger ohne Vorkenntnisse &#8211; Superintensiv!<\/a><\/h3><\/div><\/div><div class=\"w-vwrapper usg_vwrapper_7 align_left valign_top\" style=\"--vwrapper-gap:0.7rem\"><div class=\"w-post-elm post_custom_field usg_post_custom_field_3 has_text_color type_text onlineprasenz color_link_inherit\"><span class=\"w-post-elm-value\">Pr\u00e4senz-Unterricht<\/span><\/div><\/div><\/div><div class=\"w-hwrapper usg_hwrapper_10 align_left valign_top\" style=\"--hwrapper-gap:1.2rem\"><div class=\"w-vwrapper usg_vwrapper_12 align_left valign_top\" style=\"--vwrapper-gap:0.7rem\"><div class=\"w-post-elm post_custom_field usg_post_custom_field_13 type_text wann_ color_link_inherit\"><span class=\"w-post-elm-value\">T\u00e4glich von Mo bis Fr, 09:30 - 12:30 Uhr und 13:30 - 15:00 Uhr <\/span><\/div><\/div><div class=\"w-vwrapper usg_vwrapper_13 align_left valign_top\" style=\"--vwrapper-gap:0.7rem\"><div class=\"w-post-elm post_custom_field usg_post_custom_field_14 has_text_color type_text status color_link_inherit\"><span class=\"w-post-elm-value\">Neu<\/span><\/div><\/div><div class=\"w-vwrapper usg_vwrapper_14 align_left valign_top\" style=\"--vwrapper-gap:0.7rem\"><a class=\"w-btn us-btn-style_1 usg_btn_2 icon_atleft\" href=\"https:\/\/www.italienisch-werkstatt.de\/en\/kurs\/bu2519\"><i class=\"fas fa-list\"><\/i><span class=\"w-btn-label\">Info und Anmeldung<\/span><\/a><\/div><\/div><div class=\"w-hwrapper usg_hwrapper_2 align_left valign_top\" style=\"--hwrapper-gap:1.2rem\"><div class=\"w-vwrapper usg_vwrapper_10 align_left valign_top\" style=\"--vwrapper-gap:0.7rem\"><div class=\"w-post-elm post_custom_field usg_post_custom_field_2 type_text beginn color_link_inherit\"><span class=\"w-post-elm-value\"><b>Beginn: <\/b>15.06.2026<\/span><\/div><\/div><\/div><div class=\"w-hwrapper usg_hwrapper_1 align_left valign_top\" style=\"--hwrapper-gap:1.2rem\"><div class=\"w-vwrapper usg_vwrapper_5 align_left valign_top\" style=\"--vwrapper-gap:0.7rem\"><div class=\"w-post-elm post_custom_field usg_post_custom_field_1 type_text standort color_link_inherit\"><span class=\"w-post-elm-before\">Standort: <\/span><span class=\"w-post-elm-value\">Go\u00dflerstra\u00dfe 10, 12161 Berlin<\/span><\/div><\/div><\/div><div class=\"w-hwrapper usg_hwrapper_4 align_left valign_top\" style=\"--hwrapper-gap:1.2rem\"><div class=\"w-vwrapper usg_vwrapper_4 align_left valign_top\" style=\"--vwrapper-gap:0.7rem\"><div class=\"w-post-elm post_custom_field usg_post_custom_field_8 type_text kurstyp color_link_inherit\"><span class=\"w-post-elm-value\">Auch als Bildungsurlaub anerkannt!<\/span><\/div><\/div><\/div><div class=\"w-hwrapper usg_hwrapper_8 align_left valign_top\" style=\"--hwrapper-gap:1.2rem\"><div class=\"w-vwrapper usg_vwrapper_11 align_left valign_top\" style=\"--vwrapper-gap:0.7rem\"><\/div><\/div><\/div><div class=\"w-vwrapper usg_vwrapper_2 align_left valign_top\" style=\"--vwrapper-gap:0\"><div class=\"w-hwrapper usg_hwrapper_7 align_left valign_top\" style=\"--hwrapper-gap:1.2rem\"><div class=\"w-post-elm post_taxonomy usg_post_taxonomy_2 has_text_color style_simple color_link_inherit\"><a class=\"term-29 term-a1-1\" href=\"https:\/\/www.italienisch-werkstatt.de\/en\/kurs-category\/a1-1\">A1.1<\/a><\/div><p class=\"w-post-elm post_title usg_post_title_1 has_text_color woocommerce-loop-product__title color_link_inherit\"><a href=\"https:\/\/www.italienisch-werkstatt.de\/en\/kurs\/bu2519\">Anf\u00e4nger ohne Vorkenntnisse &#8211; Superintensiv!<\/a><\/p><\/div><div class=\"w-hwrapper usg_hwrapper_3 align_left valign_middle\" style=\"--hwrapper-gap:1.2rem\"><div class=\"w-vwrapper usg_vwrapper_3 align_left valign_bottom\" style=\"--vwrapper-gap:0.7rem\"><div class=\"w-post-elm post_custom_field usg_post_custom_field_11 has_text_color type_text status color_link_inherit\"><span class=\"w-post-elm-value\">Neu<\/span><\/div><div class=\"w-post-elm post_custom_field usg_post_custom_field_5 has_text_color type_text onlineprasenz color_link_inherit\"><span class=\"w-post-elm-value\">Pr\u00e4senz-Unterricht<\/span><\/div><div class=\"w-post-elm post_custom_field usg_post_custom_field_6 type_text wann_ color_link_inherit\"><span class=\"w-post-elm-value\">T\u00e4glich von Mo bis Fr, 09:30 - 12:30 Uhr und 13:30 - 15:00 Uhr <\/span><\/div><div class=\"w-post-elm post_custom_field usg_post_custom_field_10 type_text beginn color_link_inherit\"><span class=\"w-post-elm-value\"><b>Beginn: <\/b>15.06.2026<\/span><\/div><div class=\"w-post-elm post_custom_field usg_post_custom_field_4 type_text standort color_link_inherit\"><span class=\"w-post-elm-before\">Standort: <\/span><span class=\"w-post-elm-value\">Go\u00dflerstra\u00dfe 10, 12161 Berlin<\/span><\/div><div class=\"w-post-elm post_custom_field usg_post_custom_field_7 type_text kurstyp color_link_inherit\"><span class=\"w-post-elm-value\">Auch als Bildungsurlaub anerkannt!<\/span><\/div><\/div><\/div><div class=\"w-hwrapper usg_hwrapper_6 align_left valign_bottom\" style=\"--hwrapper-gap:1.2rem\"><a class=\"w-btn us-btn-style_1 usg_btn_3 icon_atleft\" href=\"https:\/\/www.italienisch-werkstatt.de\/en\/kurs\/bu2519\"><i class=\"fas fa-list\"><\/i><span class=\"w-btn-label\">Info und Anmeldung<\/span><\/a><\/div><\/div>\t\t<\/div>\r\n\t\t\t<\/article>\r\n\t<article class=\"w-grid-item size_1x1 post-8105 product type-product status-publish has-post-thumbnail product_brand-bildundungsurlaub product_cat-a1-1 product_tag-neu product_tag-bildungsurlaub-kurs product_tag-intensiv product_tag-gossler first instock virtual purchasable product-type-simple\" data-id=\"8105\">\r\n\t\t<div class=\"w-grid-item-h\">\r\n\t\t\t\t\t\t<div class=\"w-vwrapper usg_vwrapper_1 align_left valign_middle\" style=\"--vwrapper-gap:0\"><div class=\"w-hwrapper usg_hwrapper_5 align_left valign_top\" style=\"--hwrapper-gap:1.2rem\"><div class=\"w-vwrapper usg_vwrapper_8 align_left valign_top\" style=\"--vwrapper-gap:0.7rem\"><div class=\"w-hwrapper usg_hwrapper_9 align_left valign_top\" style=\"--hwrapper-gap:1.2rem\"><div class=\"w-post-elm post_taxonomy usg_post_taxonomy_1 has_text_color style_simple color_link_inherit\"><a class=\"term-29 term-a1-1\" href=\"https:\/\/www.italienisch-werkstatt.de\/en\/kurs-category\/a1-1\">A1.1<\/a><\/div><h3 class=\"w-post-elm post_title usg_post_title_2 woocommerce-loop-product__title color_link_inherit\"><a href=\"https:\/\/www.italienisch-werkstatt.de\/en\/kurs\/bu2601\">Anf\u00e4nger ohne Vorkenntnisse &#8211; Superintensiv!<\/a><\/h3><\/div><\/div><div class=\"w-vwrapper usg_vwrapper_7 align_left valign_top\" style=\"--vwrapper-gap:0.7rem\"><div class=\"w-post-elm post_custom_field usg_post_custom_field_3 has_text_color type_text onlineprasenz color_link_inherit\"><span class=\"w-post-elm-value\">Pr\u00e4senz-Unterricht<\/span><\/div><\/div><\/div><div class=\"w-hwrapper usg_hwrapper_10 align_left valign_top\" style=\"--hwrapper-gap:1.2rem\"><div class=\"w-vwrapper usg_vwrapper_12 align_left valign_top\" style=\"--vwrapper-gap:0.7rem\"><div class=\"w-post-elm post_custom_field usg_post_custom_field_13 type_text wann_ color_link_inherit\"><span class=\"w-post-elm-value\">T\u00e4glich von Mo bis Fr, 09:30 - 12:30 Uhr und 13:30 - 15:00 Uhr <\/span><\/div><\/div><div class=\"w-vwrapper usg_vwrapper_13 align_left valign_top\" style=\"--vwrapper-gap:0.7rem\"><div class=\"w-post-elm post_custom_field usg_post_custom_field_14 has_text_color type_text status color_link_inherit\"><span class=\"w-post-elm-value\">Neu<\/span><\/div><\/div><div class=\"w-vwrapper usg_vwrapper_14 align_left valign_top\" style=\"--vwrapper-gap:0.7rem\"><a class=\"w-btn us-btn-style_1 usg_btn_2 icon_atleft\" href=\"https:\/\/www.italienisch-werkstatt.de\/en\/kurs\/bu2601\"><i class=\"fas fa-list\"><\/i><span class=\"w-btn-label\">Info und Anmeldung<\/span><\/a><\/div><\/div><div class=\"w-hwrapper usg_hwrapper_2 align_left valign_top\" style=\"--hwrapper-gap:1.2rem\"><div class=\"w-vwrapper usg_vwrapper_10 align_left valign_top\" style=\"--vwrapper-gap:0.7rem\"><div class=\"w-post-elm post_custom_field usg_post_custom_field_2 type_text beginn color_link_inherit\"><span class=\"w-post-elm-value\"><b>Beginn: <\/b>17.08.2026<\/span><\/div><\/div><\/div><div class=\"w-hwrapper usg_hwrapper_1 align_left valign_top\" style=\"--hwrapper-gap:1.2rem\"><div class=\"w-vwrapper usg_vwrapper_5 align_left valign_top\" style=\"--vwrapper-gap:0.7rem\"><div class=\"w-post-elm post_custom_field usg_post_custom_field_1 type_text standort color_link_inherit\"><span class=\"w-post-elm-before\">Standort: <\/span><span class=\"w-post-elm-value\">Go\u00dflerstra\u00dfe 10, 12161 Berlin<\/span><\/div><\/div><\/div><div class=\"w-hwrapper usg_hwrapper_4 align_left valign_top\" style=\"--hwrapper-gap:1.2rem\"><div class=\"w-vwrapper usg_vwrapper_4 align_left valign_top\" style=\"--vwrapper-gap:0.7rem\"><div class=\"w-post-elm post_custom_field usg_post_custom_field_8 type_text kurstyp color_link_inherit\"><span class=\"w-post-elm-value\">Auch als Bildungsurlaub anerkannt!<\/span><\/div><\/div><\/div><div class=\"w-hwrapper usg_hwrapper_8 align_left valign_top\" style=\"--hwrapper-gap:1.2rem\"><div class=\"w-vwrapper usg_vwrapper_11 align_left valign_top\" style=\"--vwrapper-gap:0.7rem\"><\/div><\/div><\/div><div class=\"w-vwrapper usg_vwrapper_2 align_left valign_top\" style=\"--vwrapper-gap:0\"><div class=\"w-hwrapper usg_hwrapper_7 align_left valign_top\" style=\"--hwrapper-gap:1.2rem\"><div class=\"w-post-elm post_taxonomy usg_post_taxonomy_2 has_text_color style_simple color_link_inherit\"><a class=\"term-29 term-a1-1\" href=\"https:\/\/www.italienisch-werkstatt.de\/en\/kurs-category\/a1-1\">A1.1<\/a><\/div><p class=\"w-post-elm post_title usg_post_title_1 has_text_color woocommerce-loop-product__title color_link_inherit\"><a href=\"https:\/\/www.italienisch-werkstatt.de\/en\/kurs\/bu2601\">Anf\u00e4nger ohne Vorkenntnisse &#8211; Superintensiv!<\/a><\/p><\/div><div class=\"w-hwrapper usg_hwrapper_3 align_left valign_middle\" style=\"--hwrapper-gap:1.2rem\"><div class=\"w-vwrapper usg_vwrapper_3 align_left valign_bottom\" style=\"--vwrapper-gap:0.7rem\"><div class=\"w-post-elm post_custom_field usg_post_custom_field_11 has_text_color type_text status color_link_inherit\"><span class=\"w-post-elm-value\">Neu<\/span><\/div><div class=\"w-post-elm post_custom_field usg_post_custom_field_5 has_text_color type_text onlineprasenz color_link_inherit\"><span class=\"w-post-elm-value\">Pr\u00e4senz-Unterricht<\/span><\/div><div class=\"w-post-elm post_custom_field usg_post_custom_field_6 type_text wann_ color_link_inherit\"><span class=\"w-post-elm-value\">T\u00e4glich von Mo bis Fr, 09:30 - 12:30 Uhr und 13:30 - 15:00 Uhr <\/span><\/div><div class=\"w-post-elm post_custom_field usg_post_custom_field_10 type_text beginn color_link_inherit\"><span class=\"w-post-elm-value\"><b>Beginn: <\/b>17.08.2026<\/span><\/div><div class=\"w-post-elm post_custom_field usg_post_custom_field_4 type_text standort color_link_inherit\"><span class=\"w-post-elm-before\">Standort: <\/span><span class=\"w-post-elm-value\">Go\u00dflerstra\u00dfe 10, 12161 Berlin<\/span><\/div><div class=\"w-post-elm post_custom_field usg_post_custom_field_7 type_text kurstyp color_link_inherit\"><span class=\"w-post-elm-value\">Auch als Bildungsurlaub anerkannt!<\/span><\/div><\/div><\/div><div class=\"w-hwrapper usg_hwrapper_6 align_left valign_bottom\" style=\"--hwrapper-gap:1.2rem\"><a class=\"w-btn us-btn-style_1 usg_btn_3 icon_atleft\" href=\"https:\/\/www.italienisch-werkstatt.de\/en\/kurs\/bu2601\"><i class=\"fas fa-list\"><\/i><span class=\"w-btn-label\">Info und Anmeldung<\/span><\/a><\/div><\/div>\t\t<\/div>\r\n\t\t\t<\/article>\r\n\t<article class=\"w-grid-item size_1x1 post-8106 product type-product status-publish has-post-thumbnail product_brand-bildundungsurlaub product_cat-a1-1 product_tag-neu product_tag-bildungsurlaub-kurs product_tag-intensiv product_tag-gossler  instock virtual purchasable product-type-simple\" data-id=\"8106\">\r\n\t\t<div class=\"w-grid-item-h\">\r\n\t\t\t\t\t\t<div class=\"w-vwrapper usg_vwrapper_1 align_left valign_middle\" style=\"--vwrapper-gap:0\"><div class=\"w-hwrapper usg_hwrapper_5 align_left valign_top\" style=\"--hwrapper-gap:1.2rem\"><div class=\"w-vwrapper usg_vwrapper_8 align_left valign_top\" style=\"--vwrapper-gap:0.7rem\"><div class=\"w-hwrapper usg_hwrapper_9 align_left valign_top\" style=\"--hwrapper-gap:1.2rem\"><div class=\"w-post-elm post_taxonomy usg_post_taxonomy_1 has_text_color style_simple color_link_inherit\"><a class=\"term-29 term-a1-1\" href=\"https:\/\/www.italienisch-werkstatt.de\/en\/kurs-category\/a1-1\">A1.1<\/a><\/div><h3 class=\"w-post-elm post_title usg_post_title_2 woocommerce-loop-product__title color_link_inherit\"><a href=\"https:\/\/www.italienisch-werkstatt.de\/en\/kurs\/bu2602\">Anf\u00e4nger ohne Vorkenntnisse &#8211; Superintensiv!<\/a><\/h3><\/div><\/div><div class=\"w-vwrapper usg_vwrapper_7 align_left valign_top\" style=\"--vwrapper-gap:0.7rem\"><div class=\"w-post-elm post_custom_field usg_post_custom_field_3 has_text_color type_text onlineprasenz color_link_inherit\"><span class=\"w-post-elm-value\">Pr\u00e4senz-Unterricht<\/span><\/div><\/div><\/div><div class=\"w-hwrapper usg_hwrapper_10 align_left valign_top\" style=\"--hwrapper-gap:1.2rem\"><div class=\"w-vwrapper usg_vwrapper_12 align_left valign_top\" style=\"--vwrapper-gap:0.7rem\"><div class=\"w-post-elm post_custom_field usg_post_custom_field_13 type_text wann_ color_link_inherit\"><span class=\"w-post-elm-value\">T\u00e4glich von Mo bis Fr, 09:30 - 12:30 Uhr und 13:30 - 15:00 Uhr <\/span><\/div><\/div><div class=\"w-vwrapper usg_vwrapper_13 align_left valign_top\" style=\"--vwrapper-gap:0.7rem\"><div class=\"w-post-elm post_custom_field usg_post_custom_field_14 has_text_color type_text status color_link_inherit\"><span class=\"w-post-elm-value\">Neu<\/span><\/div><\/div><div class=\"w-vwrapper usg_vwrapper_14 align_left valign_top\" style=\"--vwrapper-gap:0.7rem\"><a class=\"w-btn us-btn-style_1 usg_btn_2 icon_atleft\" href=\"https:\/\/www.italienisch-werkstatt.de\/en\/kurs\/bu2602\"><i class=\"fas fa-list\"><\/i><span class=\"w-btn-label\">Info und Anmeldung<\/span><\/a><\/div><\/div><div class=\"w-hwrapper usg_hwrapper_2 align_left valign_top\" style=\"--hwrapper-gap:1.2rem\"><div class=\"w-vwrapper usg_vwrapper_10 align_left valign_top\" style=\"--vwrapper-gap:0.7rem\"><div class=\"w-post-elm post_custom_field usg_post_custom_field_2 type_text beginn color_link_inherit\"><span class=\"w-post-elm-value\"><b>Beginn: <\/b>14.09.2026<\/span><\/div><\/div><\/div><div class=\"w-hwrapper usg_hwrapper_1 align_left valign_top\" style=\"--hwrapper-gap:1.2rem\"><div class=\"w-vwrapper usg_vwrapper_5 align_left valign_top\" style=\"--vwrapper-gap:0.7rem\"><div class=\"w-post-elm post_custom_field usg_post_custom_field_1 type_text standort color_link_inherit\"><span class=\"w-post-elm-before\">Standort: <\/span><span class=\"w-post-elm-value\">Go\u00dflerstra\u00dfe 10, 12161 Berlin<\/span><\/div><\/div><\/div><div class=\"w-hwrapper usg_hwrapper_4 align_left valign_top\" style=\"--hwrapper-gap:1.2rem\"><div class=\"w-vwrapper usg_vwrapper_4 align_left valign_top\" style=\"--vwrapper-gap:0.7rem\"><div class=\"w-post-elm post_custom_field usg_post_custom_field_8 type_text kurstyp color_link_inherit\"><span class=\"w-post-elm-value\">Auch als Bildungsurlaub anerkannt!<\/span><\/div><\/div><\/div><div class=\"w-hwrapper usg_hwrapper_8 align_left valign_top\" style=\"--hwrapper-gap:1.2rem\"><div class=\"w-vwrapper usg_vwrapper_11 align_left valign_top\" style=\"--vwrapper-gap:0.7rem\"><\/div><\/div><\/div><div class=\"w-vwrapper usg_vwrapper_2 align_left valign_top\" style=\"--vwrapper-gap:0\"><div class=\"w-hwrapper usg_hwrapper_7 align_left valign_top\" style=\"--hwrapper-gap:1.2rem\"><div class=\"w-post-elm post_taxonomy usg_post_taxonomy_2 has_text_color style_simple color_link_inherit\"><a class=\"term-29 term-a1-1\" href=\"https:\/\/www.italienisch-werkstatt.de\/en\/kurs-category\/a1-1\">A1.1<\/a><\/div><p class=\"w-post-elm post_title usg_post_title_1 has_text_color woocommerce-loop-product__title color_link_inherit\"><a href=\"https:\/\/www.italienisch-werkstatt.de\/en\/kurs\/bu2602\">Anf\u00e4nger ohne Vorkenntnisse &#8211; Superintensiv!<\/a><\/p><\/div><div class=\"w-hwrapper usg_hwrapper_3 align_left valign_middle\" style=\"--hwrapper-gap:1.2rem\"><div class=\"w-vwrapper usg_vwrapper_3 align_left valign_bottom\" style=\"--vwrapper-gap:0.7rem\"><div class=\"w-post-elm post_custom_field usg_post_custom_field_11 has_text_color type_text status color_link_inherit\"><span class=\"w-post-elm-value\">Neu<\/span><\/div><div class=\"w-post-elm post_custom_field usg_post_custom_field_5 has_text_color type_text onlineprasenz color_link_inherit\"><span class=\"w-post-elm-value\">Pr\u00e4senz-Unterricht<\/span><\/div><div class=\"w-post-elm post_custom_field usg_post_custom_field_6 type_text wann_ color_link_inherit\"><span class=\"w-post-elm-value\">T\u00e4glich von Mo bis Fr, 09:30 - 12:30 Uhr und 13:30 - 15:00 Uhr <\/span><\/div><div class=\"w-post-elm post_custom_field usg_post_custom_field_10 type_text beginn color_link_inherit\"><span class=\"w-post-elm-value\"><b>Beginn: <\/b>14.09.2026<\/span><\/div><div class=\"w-post-elm post_custom_field usg_post_custom_field_4 type_text standort color_link_inherit\"><span class=\"w-post-elm-before\">Standort: <\/span><span class=\"w-post-elm-value\">Go\u00dflerstra\u00dfe 10, 12161 Berlin<\/span><\/div><div class=\"w-post-elm post_custom_field usg_post_custom_field_7 type_text kurstyp color_link_inherit\"><span class=\"w-post-elm-value\">Auch als Bildungsurlaub anerkannt!<\/span><\/div><\/div><\/div><div class=\"w-hwrapper usg_hwrapper_6 align_left valign_bottom\" style=\"--hwrapper-gap:1.2rem\"><a class=\"w-btn us-btn-style_1 usg_btn_3 icon_atleft\" href=\"https:\/\/www.italienisch-werkstatt.de\/en\/kurs\/bu2602\"><i class=\"fas fa-list\"><\/i><span class=\"w-btn-label\">Info und Anmeldung<\/span><\/a><\/div><\/div>\t\t<\/div>\r\n\t\t\t<\/article>\r\n\t<article class=\"w-grid-item size_1x1 post-8107 product type-product status-publish has-post-thumbnail product_brand-bildundungsurlaub product_cat-a1-1 product_tag-gossler product_tag-neu product_tag-bildungsurlaub-kurs product_tag-intensiv last instock virtual purchasable product-type-simple\" data-id=\"8107\">\r\n\t\t<div class=\"w-grid-item-h\">\r\n\t\t\t\t\t\t<div class=\"w-vwrapper usg_vwrapper_1 align_left valign_middle\" style=\"--vwrapper-gap:0\"><div class=\"w-hwrapper usg_hwrapper_5 align_left valign_top\" style=\"--hwrapper-gap:1.2rem\"><div class=\"w-vwrapper usg_vwrapper_8 align_left valign_top\" style=\"--vwrapper-gap:0.7rem\"><div class=\"w-hwrapper usg_hwrapper_9 align_left valign_top\" style=\"--hwrapper-gap:1.2rem\"><div class=\"w-post-elm post_taxonomy usg_post_taxonomy_1 has_text_color style_simple color_link_inherit\"><a class=\"term-29 term-a1-1\" href=\"https:\/\/www.italienisch-werkstatt.de\/en\/kurs-category\/a1-1\">A1.1<\/a><\/div><h3 class=\"w-post-elm post_title usg_post_title_2 woocommerce-loop-product__title color_link_inherit\"><a href=\"https:\/\/www.italienisch-werkstatt.de\/en\/kurs\/bu2603\">Anf\u00e4nger ohne Vorkenntnisse &#8211; Superintensiv!<\/a><\/h3><\/div><\/div><div class=\"w-vwrapper usg_vwrapper_7 align_left valign_top\" style=\"--vwrapper-gap:0.7rem\"><div class=\"w-post-elm post_custom_field usg_post_custom_field_3 has_text_color type_text onlineprasenz color_link_inherit\"><span class=\"w-post-elm-value\">Pr\u00e4senz-Unterricht<\/span><\/div><\/div><\/div><div class=\"w-hwrapper usg_hwrapper_10 align_left valign_top\" style=\"--hwrapper-gap:1.2rem\"><div class=\"w-vwrapper usg_vwrapper_12 align_left valign_top\" style=\"--vwrapper-gap:0.7rem\"><div class=\"w-post-elm post_custom_field usg_post_custom_field_13 type_text wann_ color_link_inherit\"><span class=\"w-post-elm-value\">T\u00e4glich von Mo bis Fr, 09:30 - 12:30 Uhr und 13:30 - 15:00 Uhr <\/span><\/div><\/div><div class=\"w-vwrapper usg_vwrapper_13 align_left valign_top\" style=\"--vwrapper-gap:0.7rem\"><div class=\"w-post-elm post_custom_field usg_post_custom_field_14 has_text_color type_text status color_link_inherit\"><span class=\"w-post-elm-value\">Neu<\/span><\/div><\/div><div class=\"w-vwrapper usg_vwrapper_14 align_left valign_top\" style=\"--vwrapper-gap:0.7rem\"><a class=\"w-btn us-btn-style_1 usg_btn_2 icon_atleft\" href=\"https:\/\/www.italienisch-werkstatt.de\/en\/kurs\/bu2603\"><i class=\"fas fa-list\"><\/i><span class=\"w-btn-label\">Info und Anmeldung<\/span><\/a><\/div><\/div><div class=\"w-hwrapper usg_hwrapper_2 align_left valign_top\" style=\"--hwrapper-gap:1.2rem\"><div class=\"w-vwrapper usg_vwrapper_10 align_left valign_top\" style=\"--vwrapper-gap:0.7rem\"><div class=\"w-post-elm post_custom_field usg_post_custom_field_2 type_text beginn color_link_inherit\"><span class=\"w-post-elm-value\"><b>Beginn: <\/b>12.10.2026<\/span><\/div><\/div><\/div><div class=\"w-hwrapper usg_hwrapper_1 align_left valign_top\" style=\"--hwrapper-gap:1.2rem\"><div class=\"w-vwrapper usg_vwrapper_5 align_left valign_top\" style=\"--vwrapper-gap:0.7rem\"><div class=\"w-post-elm post_custom_field usg_post_custom_field_1 type_text standort color_link_inherit\"><span class=\"w-post-elm-before\">Standort: <\/span><span class=\"w-post-elm-value\">Go\u00dflerstra\u00dfe 10, 12161 Berlin<\/span><\/div><\/div><\/div><div class=\"w-hwrapper usg_hwrapper_4 align_left valign_top\" style=\"--hwrapper-gap:1.2rem\"><div class=\"w-vwrapper usg_vwrapper_4 align_left valign_top\" style=\"--vwrapper-gap:0.7rem\"><div class=\"w-post-elm post_custom_field usg_post_custom_field_8 type_text kurstyp color_link_inherit\"><span class=\"w-post-elm-value\">Auch als Bildungsurlaub anerkannt!<\/span><\/div><\/div><\/div><div class=\"w-hwrapper usg_hwrapper_8 align_left valign_top\" style=\"--hwrapper-gap:1.2rem\"><div class=\"w-vwrapper usg_vwrapper_11 align_left valign_top\" style=\"--vwrapper-gap:0.7rem\"><\/div><\/div><\/div><div class=\"w-vwrapper usg_vwrapper_2 align_left valign_top\" style=\"--vwrapper-gap:0\"><div class=\"w-hwrapper usg_hwrapper_7 align_left valign_top\" style=\"--hwrapper-gap:1.2rem\"><div class=\"w-post-elm post_taxonomy usg_post_taxonomy_2 has_text_color style_simple color_link_inherit\"><a class=\"term-29 term-a1-1\" href=\"https:\/\/www.italienisch-werkstatt.de\/en\/kurs-category\/a1-1\">A1.1<\/a><\/div><p class=\"w-post-elm post_title usg_post_title_1 has_text_color woocommerce-loop-product__title color_link_inherit\"><a href=\"https:\/\/www.italienisch-werkstatt.de\/en\/kurs\/bu2603\">Anf\u00e4nger ohne Vorkenntnisse &#8211; Superintensiv!<\/a><\/p><\/div><div class=\"w-hwrapper usg_hwrapper_3 align_left valign_middle\" style=\"--hwrapper-gap:1.2rem\"><div class=\"w-vwrapper usg_vwrapper_3 align_left valign_bottom\" style=\"--vwrapper-gap:0.7rem\"><div class=\"w-post-elm post_custom_field usg_post_custom_field_11 has_text_color type_text status color_link_inherit\"><span class=\"w-post-elm-value\">Neu<\/span><\/div><div class=\"w-post-elm post_custom_field usg_post_custom_field_5 has_text_color type_text onlineprasenz color_link_inherit\"><span class=\"w-post-elm-value\">Pr\u00e4senz-Unterricht<\/span><\/div><div class=\"w-post-elm post_custom_field usg_post_custom_field_6 type_text wann_ color_link_inherit\"><span class=\"w-post-elm-value\">T\u00e4glich von Mo bis Fr, 09:30 - 12:30 Uhr und 13:30 - 15:00 Uhr <\/span><\/div><div class=\"w-post-elm post_custom_field usg_post_custom_field_10 type_text beginn color_link_inherit\"><span class=\"w-post-elm-value\"><b>Beginn: <\/b>12.10.2026<\/span><\/div><div class=\"w-post-elm post_custom_field usg_post_custom_field_4 type_text standort color_link_inherit\"><span class=\"w-post-elm-before\">Standort: <\/span><span class=\"w-post-elm-value\">Go\u00dflerstra\u00dfe 10, 12161 Berlin<\/span><\/div><div class=\"w-post-elm post_custom_field usg_post_custom_field_7 type_text kurstyp color_link_inherit\"><span class=\"w-post-elm-value\">Auch als Bildungsurlaub anerkannt!<\/span><\/div><\/div><\/div><div class=\"w-hwrapper usg_hwrapper_6 align_left valign_bottom\" style=\"--hwrapper-gap:1.2rem\"><a class=\"w-btn us-btn-style_1 usg_btn_3 icon_atleft\" href=\"https:\/\/www.italienisch-werkstatt.de\/en\/kurs\/bu2603\"><i class=\"fas fa-list\"><\/i><span class=\"w-btn-label\">Info und Anmeldung<\/span><\/a><\/div><\/div>\t\t<\/div>\r\n\t\t\t<\/article>\r\n\t<article class=\"w-grid-item size_1x1 post-8108 product type-product status-publish has-post-thumbnail product_brand-bildundungsurlaub product_cat-a1-1 product_tag-neu product_tag-bildungsurlaub-kurs product_tag-intensiv product_tag-gossler first instock virtual purchasable product-type-simple\" data-id=\"8108\">\r\n\t\t<div class=\"w-grid-item-h\">\r\n\t\t\t\t\t\t<div class=\"w-vwrapper usg_vwrapper_1 align_left valign_middle\" style=\"--vwrapper-gap:0\"><div class=\"w-hwrapper usg_hwrapper_5 align_left valign_top\" style=\"--hwrapper-gap:1.2rem\"><div class=\"w-vwrapper usg_vwrapper_8 align_left valign_top\" style=\"--vwrapper-gap:0.7rem\"><div class=\"w-hwrapper usg_hwrapper_9 align_left valign_top\" style=\"--hwrapper-gap:1.2rem\"><div class=\"w-post-elm post_taxonomy usg_post_taxonomy_1 has_text_color style_simple color_link_inherit\"><a class=\"term-29 term-a1-1\" href=\"https:\/\/www.italienisch-werkstatt.de\/en\/kurs-category\/a1-1\">A1.1<\/a><\/div><h3 class=\"w-post-elm post_title usg_post_title_2 woocommerce-loop-product__title color_link_inherit\"><a href=\"https:\/\/www.italienisch-werkstatt.de\/en\/kurs\/bu2604\">Anf\u00e4nger ohne Vorkenntnisse &#8211; Superintensiv!<\/a><\/h3><\/div><\/div><div class=\"w-vwrapper usg_vwrapper_7 align_left valign_top\" style=\"--vwrapper-gap:0.7rem\"><div class=\"w-post-elm post_custom_field usg_post_custom_field_3 has_text_color type_text onlineprasenz color_link_inherit\"><span class=\"w-post-elm-value\">Pr\u00e4senz-Unterricht<\/span><\/div><\/div><\/div><div class=\"w-hwrapper usg_hwrapper_10 align_left valign_top\" style=\"--hwrapper-gap:1.2rem\"><div class=\"w-vwrapper usg_vwrapper_12 align_left valign_top\" style=\"--vwrapper-gap:0.7rem\"><div class=\"w-post-elm post_custom_field usg_post_custom_field_13 type_text wann_ color_link_inherit\"><span class=\"w-post-elm-value\">T\u00e4glich von Mo bis Fr, 09:30 - 12:30 Uhr und 13:30 - 15:00 Uhr <\/span><\/div><\/div><div class=\"w-vwrapper usg_vwrapper_13 align_left valign_top\" style=\"--vwrapper-gap:0.7rem\"><div class=\"w-post-elm post_custom_field usg_post_custom_field_14 has_text_color type_text status color_link_inherit\"><span class=\"w-post-elm-value\">Neu<\/span><\/div><\/div><div class=\"w-vwrapper usg_vwrapper_14 align_left valign_top\" style=\"--vwrapper-gap:0.7rem\"><a class=\"w-btn us-btn-style_1 usg_btn_2 icon_atleft\" href=\"https:\/\/www.italienisch-werkstatt.de\/en\/kurs\/bu2604\"><i class=\"fas fa-list\"><\/i><span class=\"w-btn-label\">Info und Anmeldung<\/span><\/a><\/div><\/div><div class=\"w-hwrapper usg_hwrapper_2 align_left valign_top\" style=\"--hwrapper-gap:1.2rem\"><div class=\"w-vwrapper usg_vwrapper_10 align_left valign_top\" style=\"--vwrapper-gap:0.7rem\"><div class=\"w-post-elm post_custom_field usg_post_custom_field_2 type_text beginn color_link_inherit\"><span class=\"w-post-elm-value\"><b>Beginn: <\/b>16.11.2026<\/span><\/div><\/div><\/div><div class=\"w-hwrapper usg_hwrapper_1 align_left valign_top\" style=\"--hwrapper-gap:1.2rem\"><div class=\"w-vwrapper usg_vwrapper_5 align_left valign_top\" style=\"--vwrapper-gap:0.7rem\"><div class=\"w-post-elm post_custom_field usg_post_custom_field_1 type_text standort color_link_inherit\"><span class=\"w-post-elm-before\">Standort: <\/span><span class=\"w-post-elm-value\">Go\u00dflerstra\u00dfe 10, 12161 Berlin<\/span><\/div><\/div><\/div><div class=\"w-hwrapper usg_hwrapper_4 align_left valign_top\" style=\"--hwrapper-gap:1.2rem\"><div class=\"w-vwrapper usg_vwrapper_4 align_left valign_top\" style=\"--vwrapper-gap:0.7rem\"><div class=\"w-post-elm post_custom_field usg_post_custom_field_8 type_text kurstyp color_link_inherit\"><span class=\"w-post-elm-value\">Auch als Bildungsurlaub anerkannt!<\/span><\/div><\/div><\/div><div class=\"w-hwrapper usg_hwrapper_8 align_left valign_top\" style=\"--hwrapper-gap:1.2rem\"><div class=\"w-vwrapper usg_vwrapper_11 align_left valign_top\" style=\"--vwrapper-gap:0.7rem\"><\/div><\/div><\/div><div class=\"w-vwrapper usg_vwrapper_2 align_left valign_top\" style=\"--vwrapper-gap:0\"><div class=\"w-hwrapper usg_hwrapper_7 align_left valign_top\" style=\"--hwrapper-gap:1.2rem\"><div class=\"w-post-elm post_taxonomy usg_post_taxonomy_2 has_text_color style_simple color_link_inherit\"><a class=\"term-29 term-a1-1\" href=\"https:\/\/www.italienisch-werkstatt.de\/en\/kurs-category\/a1-1\">A1.1<\/a><\/div><p class=\"w-post-elm post_title usg_post_title_1 has_text_color woocommerce-loop-product__title color_link_inherit\"><a href=\"https:\/\/www.italienisch-werkstatt.de\/en\/kurs\/bu2604\">Anf\u00e4nger ohne Vorkenntnisse &#8211; Superintensiv!<\/a><\/p><\/div><div class=\"w-hwrapper usg_hwrapper_3 align_left valign_middle\" style=\"--hwrapper-gap:1.2rem\"><div class=\"w-vwrapper usg_vwrapper_3 align_left valign_bottom\" style=\"--vwrapper-gap:0.7rem\"><div class=\"w-post-elm post_custom_field usg_post_custom_field_11 has_text_color type_text status color_link_inherit\"><span class=\"w-post-elm-value\">Neu<\/span><\/div><div class=\"w-post-elm post_custom_field usg_post_custom_field_5 has_text_color type_text onlineprasenz color_link_inherit\"><span class=\"w-post-elm-value\">Pr\u00e4senz-Unterricht<\/span><\/div><div class=\"w-post-elm post_custom_field usg_post_custom_field_6 type_text wann_ color_link_inherit\"><span class=\"w-post-elm-value\">T\u00e4glich von Mo bis Fr, 09:30 - 12:30 Uhr und 13:30 - 15:00 Uhr <\/span><\/div><div class=\"w-post-elm post_custom_field usg_post_custom_field_10 type_text beginn color_link_inherit\"><span class=\"w-post-elm-value\"><b>Beginn: <\/b>16.11.2026<\/span><\/div><div class=\"w-post-elm post_custom_field usg_post_custom_field_4 type_text standort color_link_inherit\"><span class=\"w-post-elm-before\">Standort: <\/span><span class=\"w-post-elm-value\">Go\u00dflerstra\u00dfe 10, 12161 Berlin<\/span><\/div><div class=\"w-post-elm post_custom_field usg_post_custom_field_7 type_text kurstyp color_link_inherit\"><span class=\"w-post-elm-value\">Auch als Bildungsurlaub anerkannt!<\/span><\/div><\/div><\/div><div class=\"w-hwrapper usg_hwrapper_6 align_left valign_bottom\" style=\"--hwrapper-gap:1.2rem\"><a class=\"w-btn us-btn-style_1 usg_btn_3 icon_atleft\" href=\"https:\/\/www.italienisch-werkstatt.de\/en\/kurs\/bu2604\"><i class=\"fas fa-list\"><\/i><span class=\"w-btn-label\">Info und Anmeldung<\/span><\/a><\/div><\/div>\t\t<\/div>\r\n\t\t\t<\/article>\r\n\t<article class=\"w-grid-item size_1x1 post-7659 product type-product status-publish has-post-thumbnail product_brand-praesenz product_brand-bildundungsurlaub product_cat-a1-2 product_tag-neu product_tag-praesenz-unterricht product_tag-bildungsurlaub-kurs product_tag-intensiv product_tag-display product_tag-gossler  instock virtual purchasable product-type-simple\" data-id=\"7659\">\r\n\t\t<div class=\"w-grid-item-h\">\r\n\t\t\t\t\t\t<div class=\"w-vwrapper usg_vwrapper_1 align_left valign_middle\" style=\"--vwrapper-gap:0\"><div class=\"w-hwrapper usg_hwrapper_5 align_left valign_top\" style=\"--hwrapper-gap:1.2rem\"><div class=\"w-vwrapper usg_vwrapper_8 align_left valign_top\" style=\"--vwrapper-gap:0.7rem\"><div class=\"w-hwrapper usg_hwrapper_9 align_left valign_top\" style=\"--hwrapper-gap:1.2rem\"><div class=\"w-post-elm post_taxonomy usg_post_taxonomy_1 has_text_color style_simple color_link_inherit\"><a class=\"term-30 term-a1-2\" href=\"https:\/\/www.italienisch-werkstatt.de\/en\/kurs-category\/a1-2\">A1.2<\/a><\/div><h3 class=\"w-post-elm post_title usg_post_title_2 woocommerce-loop-product__title color_link_inherit\"><a href=\"https:\/\/www.italienisch-werkstatt.de\/en\/kurs\/bu2518\">Anf\u00e4nger mit Vorkenntnissen &#8211; Superintensiv!<\/a><\/h3><\/div><\/div><div class=\"w-vwrapper usg_vwrapper_7 align_left valign_top\" style=\"--vwrapper-gap:0.7rem\"><div class=\"w-post-elm post_custom_field usg_post_custom_field_3 has_text_color type_text onlineprasenz color_link_inherit\"><span class=\"w-post-elm-value\">Pr\u00e4senz-Unterricht<\/span><\/div><\/div><\/div><div class=\"w-hwrapper usg_hwrapper_10 align_left valign_top\" style=\"--hwrapper-gap:1.2rem\"><div class=\"w-vwrapper usg_vwrapper_12 align_left valign_top\" style=\"--vwrapper-gap:0.7rem\"><div class=\"w-post-elm post_custom_field usg_post_custom_field_13 type_text wann_ color_link_inherit\"><span class=\"w-post-elm-value\">T\u00e4glich von Mo bis Fr, 09:30 - 12:30 Uhr und 13:30 - 15:00 Uhr <\/span><\/div><\/div><div class=\"w-vwrapper usg_vwrapper_13 align_left valign_top\" style=\"--vwrapper-gap:0.7rem\"><div class=\"w-post-elm post_custom_field usg_post_custom_field_14 has_text_color type_text status color_link_inherit\"><span class=\"w-post-elm-value\">Neu<\/span><\/div><\/div><div class=\"w-vwrapper usg_vwrapper_14 align_left valign_top\" style=\"--vwrapper-gap:0.7rem\"><a class=\"w-btn us-btn-style_1 usg_btn_2 icon_atleft\" href=\"https:\/\/www.italienisch-werkstatt.de\/en\/kurs\/bu2518\"><i class=\"fas fa-list\"><\/i><span class=\"w-btn-label\">Info und Anmeldung<\/span><\/a><\/div><\/div><div class=\"w-hwrapper usg_hwrapper_2 align_left valign_top\" style=\"--hwrapper-gap:1.2rem\"><div class=\"w-vwrapper usg_vwrapper_10 align_left valign_top\" style=\"--vwrapper-gap:0.7rem\"><div class=\"w-post-elm post_custom_field usg_post_custom_field_2 type_text beginn color_link_inherit\"><span class=\"w-post-elm-value\"><b>Beginn: <\/b>18.05.2026<\/span><\/div><\/div><\/div><div class=\"w-hwrapper usg_hwrapper_1 align_left valign_top\" style=\"--hwrapper-gap:1.2rem\"><div class=\"w-vwrapper usg_vwrapper_5 align_left valign_top\" style=\"--vwrapper-gap:0.7rem\"><div class=\"w-post-elm post_custom_field usg_post_custom_field_1 type_text standort color_link_inherit\"><span class=\"w-post-elm-before\">Standort: <\/span><span class=\"w-post-elm-value\">Go\u00dflerstra\u00dfe 10, 12161 Berlin<\/span><\/div><\/div><\/div><div class=\"w-hwrapper usg_hwrapper_4 align_left valign_top\" style=\"--hwrapper-gap:1.2rem\"><div class=\"w-vwrapper usg_vwrapper_4 align_left valign_top\" style=\"--vwrapper-gap:0.7rem\"><div class=\"w-post-elm post_custom_field usg_post_custom_field_8 type_text kurstyp color_link_inherit\"><span class=\"w-post-elm-value\">Auch als Bildungsurlaub anerkannt!<\/span><\/div><\/div><\/div><div class=\"w-hwrapper usg_hwrapper_8 align_left valign_top\" style=\"--hwrapper-gap:1.2rem\"><div class=\"w-vwrapper usg_vwrapper_11 align_left valign_top\" style=\"--vwrapper-gap:0.7rem\"><\/div><\/div><\/div><div class=\"w-vwrapper usg_vwrapper_2 align_left valign_top\" style=\"--vwrapper-gap:0\"><div class=\"w-hwrapper usg_hwrapper_7 align_left valign_top\" style=\"--hwrapper-gap:1.2rem\"><div class=\"w-post-elm post_taxonomy usg_post_taxonomy_2 has_text_color style_simple color_link_inherit\"><a class=\"term-30 term-a1-2\" href=\"https:\/\/www.italienisch-werkstatt.de\/en\/kurs-category\/a1-2\">A1.2<\/a><\/div><p class=\"w-post-elm post_title usg_post_title_1 has_text_color woocommerce-loop-product__title color_link_inherit\"><a href=\"https:\/\/www.italienisch-werkstatt.de\/en\/kurs\/bu2518\">Anf\u00e4nger mit Vorkenntnissen &#8211; Superintensiv!<\/a><\/p><\/div><div class=\"w-hwrapper usg_hwrapper_3 align_left valign_middle\" style=\"--hwrapper-gap:1.2rem\"><div class=\"w-vwrapper usg_vwrapper_3 align_left valign_bottom\" style=\"--vwrapper-gap:0.7rem\"><div class=\"w-post-elm post_custom_field usg_post_custom_field_11 has_text_color type_text status color_link_inherit\"><span class=\"w-post-elm-value\">Neu<\/span><\/div><div class=\"w-post-elm post_custom_field usg_post_custom_field_5 has_text_color type_text onlineprasenz color_link_inherit\"><span class=\"w-post-elm-value\">Pr\u00e4senz-Unterricht<\/span><\/div><div class=\"w-post-elm post_custom_field usg_post_custom_field_6 type_text wann_ color_link_inherit\"><span class=\"w-post-elm-value\">T\u00e4glich von Mo bis Fr, 09:30 - 12:30 Uhr und 13:30 - 15:00 Uhr <\/span><\/div><div class=\"w-post-elm post_custom_field usg_post_custom_field_10 type_text beginn color_link_inherit\"><span class=\"w-post-elm-value\"><b>Beginn: <\/b>18.05.2026<\/span><\/div><div class=\"w-post-elm post_custom_field usg_post_custom_field_4 type_text standort color_link_inherit\"><span class=\"w-post-elm-before\">Standort: <\/span><span class=\"w-post-elm-value\">Go\u00dflerstra\u00dfe 10, 12161 Berlin<\/span><\/div><div class=\"w-post-elm post_custom_field usg_post_custom_field_7 type_text kurstyp color_link_inherit\"><span class=\"w-post-elm-value\">Auch als Bildungsurlaub anerkannt!<\/span><\/div><\/div><\/div><div class=\"w-hwrapper usg_hwrapper_6 align_left valign_bottom\" style=\"--hwrapper-gap:1.2rem\"><a class=\"w-btn us-btn-style_1 usg_btn_3 icon_atleft\" href=\"https:\/\/www.italienisch-werkstatt.de\/en\/kurs\/bu2518\"><i class=\"fas fa-list\"><\/i><span class=\"w-btn-label\">Info und Anmeldung<\/span><\/a><\/div><\/div>\t\t<\/div>\r\n\t\t\t<\/article>\r\n\t<article class=\"w-grid-item size_1x1 post-8732 product type-product status-publish has-post-thumbnail product_brand-praesenz product_cat-a1-2 product_tag-praesenz-unterricht product_tag-intensiv product_tag-display last instock virtual purchasable product-type-simple\" data-id=\"8732\">\r\n\t\t<div class=\"w-grid-item-h\">\r\n\t\t\t\t\t\t<div class=\"w-vwrapper usg_vwrapper_1 align_left valign_middle\" style=\"--vwrapper-gap:0\"><div class=\"w-hwrapper usg_hwrapper_5 align_left valign_top\" style=\"--hwrapper-gap:1.2rem\"><div class=\"w-vwrapper usg_vwrapper_8 align_left valign_top\" style=\"--vwrapper-gap:0.7rem\"><div class=\"w-hwrapper usg_hwrapper_9 align_left valign_top\" style=\"--hwrapper-gap:1.2rem\"><div class=\"w-post-elm post_taxonomy usg_post_taxonomy_1 has_text_color style_simple color_link_inherit\"><a class=\"term-30 term-a1-2\" href=\"https:\/\/www.italienisch-werkstatt.de\/en\/kurs-category\/a1-2\">A1.2<\/a><\/div><h3 class=\"w-post-elm post_title usg_post_title_2 woocommerce-loop-product__title color_link_inherit\"><a href=\"https:\/\/www.italienisch-werkstatt.de\/en\/kurs\/a12607-sommerintensivkurs\">Anf\u00e4nger mit Vorkenntnissen &#8211; Sommerintensiv!<\/a><\/h3><\/div><\/div><div class=\"w-vwrapper usg_vwrapper_7 align_left valign_top\" style=\"--vwrapper-gap:0.7rem\"><div class=\"w-post-elm post_custom_field usg_post_custom_field_3 has_text_color type_text onlineprasenz color_link_inherit\"><span class=\"w-post-elm-value\">Pr\u00e4senz-Unterricht<\/span><\/div><\/div><\/div><div class=\"w-hwrapper usg_hwrapper_10 align_left valign_top\" style=\"--hwrapper-gap:1.2rem\"><div class=\"w-vwrapper usg_vwrapper_12 align_left valign_top\" style=\"--vwrapper-gap:0.7rem\"><div class=\"w-post-elm post_custom_field usg_post_custom_field_13 type_text wann_ color_link_inherit\"><span class=\"w-post-elm-value\">5 x Mo+Do, 10:00-12:15 Uhr<\/span><\/div><\/div><div class=\"w-vwrapper usg_vwrapper_13 align_left valign_top\" style=\"--vwrapper-gap:0.7rem\"><div class=\"w-post-elm post_custom_field usg_post_custom_field_14 has_text_color type_text status color_link_inherit\"><span class=\"w-post-elm-value\">Neu<\/span><\/div><\/div><div class=\"w-vwrapper usg_vwrapper_14 align_left valign_top\" style=\"--vwrapper-gap:0.7rem\"><a class=\"w-btn us-btn-style_1 usg_btn_2 icon_atleft\" href=\"https:\/\/www.italienisch-werkstatt.de\/en\/kurs\/a12607-sommerintensivkurs\"><i class=\"fas fa-list\"><\/i><span class=\"w-btn-label\">Info und Anmeldung<\/span><\/a><\/div><\/div><div class=\"w-hwrapper usg_hwrapper_2 align_left valign_top\" style=\"--hwrapper-gap:1.2rem\"><div class=\"w-vwrapper usg_vwrapper_10 align_left valign_top\" style=\"--vwrapper-gap:0.7rem\"><div class=\"w-post-elm post_custom_field usg_post_custom_field_2 type_text beginn color_link_inherit\"><span class=\"w-post-elm-value\"><b>Beginn: <\/b>27.07.2026<\/span><\/div><\/div><\/div><div class=\"w-hwrapper usg_hwrapper_1 align_left valign_top\" style=\"--hwrapper-gap:1.2rem\"><div class=\"w-vwrapper usg_vwrapper_5 align_left valign_top\" style=\"--vwrapper-gap:0.7rem\"><div class=\"w-post-elm post_custom_field usg_post_custom_field_1 type_text standort color_link_inherit\"><span class=\"w-post-elm-before\">Standort: <\/span><span class=\"w-post-elm-value\">Go\u00dflerstra\u00dfe 10, 12161 Berlin<\/span><\/div><\/div><\/div><div class=\"w-hwrapper usg_hwrapper_4 align_left valign_top\" style=\"--hwrapper-gap:1.2rem\"><div class=\"w-vwrapper usg_vwrapper_4 align_left valign_top\" style=\"--vwrapper-gap:0.7rem\"><\/div><\/div><div class=\"w-hwrapper usg_hwrapper_8 align_left valign_top\" style=\"--hwrapper-gap:1.2rem\"><div class=\"w-vwrapper usg_vwrapper_11 align_left valign_top\" style=\"--vwrapper-gap:0.7rem\"><\/div><\/div><\/div><div class=\"w-vwrapper usg_vwrapper_2 align_left valign_top\" style=\"--vwrapper-gap:0\"><div class=\"w-hwrapper usg_hwrapper_7 align_left valign_top\" style=\"--hwrapper-gap:1.2rem\"><div class=\"w-post-elm post_taxonomy usg_post_taxonomy_2 has_text_color style_simple color_link_inherit\"><a class=\"term-30 term-a1-2\" href=\"https:\/\/www.italienisch-werkstatt.de\/en\/kurs-category\/a1-2\">A1.2<\/a><\/div><p class=\"w-post-elm post_title usg_post_title_1 has_text_color woocommerce-loop-product__title color_link_inherit\"><a href=\"https:\/\/www.italienisch-werkstatt.de\/en\/kurs\/a12607-sommerintensivkurs\">Anf\u00e4nger mit Vorkenntnissen &#8211; Sommerintensiv!<\/a><\/p><\/div><div class=\"w-hwrapper usg_hwrapper_3 align_left valign_middle\" style=\"--hwrapper-gap:1.2rem\"><div class=\"w-vwrapper usg_vwrapper_3 align_left valign_bottom\" style=\"--vwrapper-gap:0.7rem\"><div class=\"w-post-elm post_custom_field usg_post_custom_field_11 has_text_color type_text status color_link_inherit\"><span class=\"w-post-elm-value\">Neu<\/span><\/div><div class=\"w-post-elm post_custom_field usg_post_custom_field_5 has_text_color type_text onlineprasenz color_link_inherit\"><span class=\"w-post-elm-value\">Pr\u00e4senz-Unterricht<\/span><\/div><div class=\"w-post-elm post_custom_field usg_post_custom_field_6 type_text wann_ color_link_inherit\"><span class=\"w-post-elm-value\">5 x Mo+Do, 10:00-12:15 Uhr<\/span><\/div><div class=\"w-post-elm post_custom_field usg_post_custom_field_10 type_text beginn color_link_inherit\"><span class=\"w-post-elm-value\"><b>Beginn: <\/b>27.07.2026<\/span><\/div><div class=\"w-post-elm post_custom_field usg_post_custom_field_4 type_text standort color_link_inherit\"><span class=\"w-post-elm-before\">Standort: <\/span><span class=\"w-post-elm-value\">Go\u00dflerstra\u00dfe 10, 12161 Berlin<\/span><\/div><\/div><\/div><div class=\"w-hwrapper usg_hwrapper_6 align_left valign_bottom\" style=\"--hwrapper-gap:1.2rem\"><a class=\"w-btn us-btn-style_1 usg_btn_3 icon_atleft\" href=\"https:\/\/www.italienisch-werkstatt.de\/en\/kurs\/a12607-sommerintensivkurs\"><i class=\"fas fa-list\"><\/i><span class=\"w-btn-label\">Info und Anmeldung<\/span><\/a><\/div><\/div>\t\t<\/div>\r\n\t\t\t<\/article>\r\n\t<article class=\"w-grid-item size_1x1 post-8748 product type-product status-publish has-post-thumbnail product_brand-praesenz product_cat-a1-2 product_tag-praesenz-unterricht product_tag-intensiv product_tag-display first instock virtual purchasable product-type-simple\" data-id=\"8748\">\r\n\t\t<div class=\"w-grid-item-h\">\r\n\t\t\t\t\t\t<div class=\"w-vwrapper usg_vwrapper_1 align_left valign_middle\" style=\"--vwrapper-gap:0\"><div class=\"w-hwrapper usg_hwrapper_5 align_left valign_top\" style=\"--hwrapper-gap:1.2rem\"><div class=\"w-vwrapper usg_vwrapper_8 align_left valign_top\" style=\"--vwrapper-gap:0.7rem\"><div class=\"w-hwrapper usg_hwrapper_9 align_left valign_top\" style=\"--hwrapper-gap:1.2rem\"><div class=\"w-post-elm post_taxonomy usg_post_taxonomy_1 has_text_color style_simple color_link_inherit\"><a class=\"term-30 term-a1-2\" href=\"https:\/\/www.italienisch-werkstatt.de\/en\/kurs-category\/a1-2\">A1.2<\/a><\/div><h3 class=\"w-post-elm post_title usg_post_title_2 woocommerce-loop-product__title color_link_inherit\"><a href=\"https:\/\/www.italienisch-werkstatt.de\/en\/kurs\/a12609-sommer-semiintensiv\">Anf\u00e4nger mit Vorkenntnissen &#8211; Sommer-Semiintensiv!<\/a><\/h3><\/div><\/div><div class=\"w-vwrapper usg_vwrapper_7 align_left valign_top\" style=\"--vwrapper-gap:0.7rem\"><div class=\"w-post-elm post_custom_field usg_post_custom_field_3 has_text_color type_text onlineprasenz color_link_inherit\"><span class=\"w-post-elm-value\">Pr\u00e4senz-Unterricht<\/span><\/div><\/div><\/div><div class=\"w-hwrapper usg_hwrapper_10 align_left valign_top\" style=\"--hwrapper-gap:1.2rem\"><div class=\"w-vwrapper usg_vwrapper_12 align_left valign_top\" style=\"--vwrapper-gap:0.7rem\"><div class=\"w-post-elm post_custom_field usg_post_custom_field_13 type_text wann_ color_link_inherit\"><span class=\"w-post-elm-value\">5 x Mo+Do, 19:40-21:10 Uhr<\/span><\/div><\/div><div class=\"w-vwrapper usg_vwrapper_13 align_left valign_top\" style=\"--vwrapper-gap:0.7rem\"><div class=\"w-post-elm post_custom_field usg_post_custom_field_14 has_text_color type_text status color_link_inherit\"><span class=\"w-post-elm-value\">Neu<\/span><\/div><\/div><div class=\"w-vwrapper usg_vwrapper_14 align_left valign_top\" style=\"--vwrapper-gap:0.7rem\"><a class=\"w-btn us-btn-style_1 usg_btn_2 icon_atleft\" href=\"https:\/\/www.italienisch-werkstatt.de\/en\/kurs\/a12609-sommer-semiintensiv\"><i class=\"fas fa-list\"><\/i><span class=\"w-btn-label\">Info und Anmeldung<\/span><\/a><\/div><\/div><div class=\"w-hwrapper usg_hwrapper_2 align_left valign_top\" style=\"--hwrapper-gap:1.2rem\"><div class=\"w-vwrapper usg_vwrapper_10 align_left valign_top\" style=\"--vwrapper-gap:0.7rem\"><div class=\"w-post-elm post_custom_field usg_post_custom_field_2 type_text beginn color_link_inherit\"><span class=\"w-post-elm-value\"><b>Beginn: <\/b>10.08.2026<\/span><\/div><\/div><\/div><div class=\"w-hwrapper usg_hwrapper_1 align_left valign_top\" style=\"--hwrapper-gap:1.2rem\"><div class=\"w-vwrapper usg_vwrapper_5 align_left valign_top\" style=\"--vwrapper-gap:0.7rem\"><div class=\"w-post-elm post_custom_field usg_post_custom_field_1 type_text standort color_link_inherit\"><span class=\"w-post-elm-before\">Standort: <\/span><span class=\"w-post-elm-value\">Go\u00dflerstra\u00dfe 10, 12161 Berlin<\/span><\/div><\/div><\/div><div class=\"w-hwrapper usg_hwrapper_4 align_left valign_top\" style=\"--hwrapper-gap:1.2rem\"><div class=\"w-vwrapper usg_vwrapper_4 align_left valign_top\" style=\"--vwrapper-gap:0.7rem\"><\/div><\/div><div class=\"w-hwrapper usg_hwrapper_8 align_left valign_top\" style=\"--hwrapper-gap:1.2rem\"><div class=\"w-vwrapper usg_vwrapper_11 align_left valign_top\" style=\"--vwrapper-gap:0.7rem\"><\/div><\/div><\/div><div class=\"w-vwrapper usg_vwrapper_2 align_left valign_top\" style=\"--vwrapper-gap:0\"><div class=\"w-hwrapper usg_hwrapper_7 align_left valign_top\" style=\"--hwrapper-gap:1.2rem\"><div class=\"w-post-elm post_taxonomy usg_post_taxonomy_2 has_text_color style_simple color_link_inherit\"><a class=\"term-30 term-a1-2\" href=\"https:\/\/www.italienisch-werkstatt.de\/en\/kurs-category\/a1-2\">A1.2<\/a><\/div><p class=\"w-post-elm post_title usg_post_title_1 has_text_color woocommerce-loop-product__title color_link_inherit\"><a href=\"https:\/\/www.italienisch-werkstatt.de\/en\/kurs\/a12609-sommer-semiintensiv\">Anf\u00e4nger mit Vorkenntnissen &#8211; Sommer-Semiintensiv!<\/a><\/p><\/div><div class=\"w-hwrapper usg_hwrapper_3 align_left valign_middle\" style=\"--hwrapper-gap:1.2rem\"><div class=\"w-vwrapper usg_vwrapper_3 align_left valign_bottom\" style=\"--vwrapper-gap:0.7rem\"><div class=\"w-post-elm post_custom_field usg_post_custom_field_11 has_text_color type_text status color_link_inherit\"><span class=\"w-post-elm-value\">Neu<\/span><\/div><div class=\"w-post-elm post_custom_field usg_post_custom_field_5 has_text_color type_text onlineprasenz color_link_inherit\"><span class=\"w-post-elm-value\">Pr\u00e4senz-Unterricht<\/span><\/div><div class=\"w-post-elm post_custom_field usg_post_custom_field_6 type_text wann_ color_link_inherit\"><span class=\"w-post-elm-value\">5 x Mo+Do, 19:40-21:10 Uhr<\/span><\/div><div class=\"w-post-elm post_custom_field usg_post_custom_field_10 type_text beginn color_link_inherit\"><span class=\"w-post-elm-value\"><b>Beginn: <\/b>10.08.2026<\/span><\/div><div class=\"w-post-elm post_custom_field usg_post_custom_field_4 type_text standort color_link_inherit\"><span class=\"w-post-elm-before\">Standort: <\/span><span class=\"w-post-elm-value\">Go\u00dflerstra\u00dfe 10, 12161 Berlin<\/span><\/div><\/div><\/div><div class=\"w-hwrapper usg_hwrapper_6 align_left valign_bottom\" style=\"--hwrapper-gap:1.2rem\"><a class=\"w-btn us-btn-style_1 usg_btn_3 icon_atleft\" href=\"https:\/\/www.italienisch-werkstatt.de\/en\/kurs\/a12609-sommer-semiintensiv\"><i class=\"fas fa-list\"><\/i><span class=\"w-btn-label\">Info und Anmeldung<\/span><\/a><\/div><\/div>\t\t<\/div>\r\n\t\t\t<\/article>\r\n\t<article class=\"w-grid-item size_1x1 post-7660 product type-product status-publish has-post-thumbnail product_brand-bildundungsurlaub product_cat-a1-2 product_tag-neu product_tag-bildungsurlaub-kurs product_tag-intensiv product_tag-gossler  instock virtual purchasable product-type-simple\" data-id=\"7660\">\r\n\t\t<div class=\"w-grid-item-h\">\r\n\t\t\t\t\t\t<div class=\"w-vwrapper usg_vwrapper_1 align_left valign_middle\" style=\"--vwrapper-gap:0\"><div class=\"w-hwrapper usg_hwrapper_5 align_left valign_top\" style=\"--hwrapper-gap:1.2rem\"><div class=\"w-vwrapper usg_vwrapper_8 align_left valign_top\" style=\"--vwrapper-gap:0.7rem\"><div class=\"w-hwrapper usg_hwrapper_9 align_left valign_top\" style=\"--hwrapper-gap:1.2rem\"><div class=\"w-post-elm post_taxonomy usg_post_taxonomy_1 has_text_color style_simple color_link_inherit\"><a class=\"term-30 term-a1-2\" href=\"https:\/\/www.italienisch-werkstatt.de\/en\/kurs-category\/a1-2\">A1.2<\/a><\/div><h3 class=\"w-post-elm post_title usg_post_title_2 woocommerce-loop-product__title color_link_inherit\"><a href=\"https:\/\/www.italienisch-werkstatt.de\/en\/kurs\/bu2520\">Anf\u00e4nger mit Vorkenntnissen &#8211; Superintensiv!<\/a><\/h3><\/div><\/div><div class=\"w-vwrapper usg_vwrapper_7 align_left valign_top\" style=\"--vwrapper-gap:0.7rem\"><div class=\"w-post-elm post_custom_field usg_post_custom_field_3 has_text_color type_text onlineprasenz color_link_inherit\"><span class=\"w-post-elm-value\">Pr\u00e4senz-Unterricht<\/span><\/div><\/div><\/div><div class=\"w-hwrapper usg_hwrapper_10 align_left valign_top\" style=\"--hwrapper-gap:1.2rem\"><div class=\"w-vwrapper usg_vwrapper_12 align_left valign_top\" style=\"--vwrapper-gap:0.7rem\"><div class=\"w-post-elm post_custom_field usg_post_custom_field_13 type_text wann_ color_link_inherit\"><span class=\"w-post-elm-value\">T\u00e4glich von Mo bis Fr, 09:30 - 12:30 Uhr und 13:30 - 15:00 Uhr <\/span><\/div><\/div><div class=\"w-vwrapper usg_vwrapper_13 align_left valign_top\" style=\"--vwrapper-gap:0.7rem\"><div class=\"w-post-elm post_custom_field usg_post_custom_field_14 has_text_color type_text status color_link_inherit\"><span class=\"w-post-elm-value\">Neu<\/span><\/div><\/div><div class=\"w-vwrapper usg_vwrapper_14 align_left valign_top\" style=\"--vwrapper-gap:0.7rem\"><a class=\"w-btn us-btn-style_1 usg_btn_2 icon_atleft\" href=\"https:\/\/www.italienisch-werkstatt.de\/en\/kurs\/bu2520\"><i class=\"fas fa-list\"><\/i><span class=\"w-btn-label\">Info und Anmeldung<\/span><\/a><\/div><\/div><div class=\"w-hwrapper usg_hwrapper_2 align_left valign_top\" style=\"--hwrapper-gap:1.2rem\"><div class=\"w-vwrapper usg_vwrapper_10 align_left valign_top\" style=\"--vwrapper-gap:0.7rem\"><div class=\"w-post-elm post_custom_field usg_post_custom_field_2 type_text beginn color_link_inherit\"><span class=\"w-post-elm-value\"><b>Beginn: <\/b>22.06.2026<\/span><\/div><\/div><\/div><div class=\"w-hwrapper usg_hwrapper_1 align_left valign_top\" style=\"--hwrapper-gap:1.2rem\"><div class=\"w-vwrapper usg_vwrapper_5 align_left valign_top\" style=\"--vwrapper-gap:0.7rem\"><div class=\"w-post-elm post_custom_field usg_post_custom_field_1 type_text standort color_link_inherit\"><span class=\"w-post-elm-before\">Standort: <\/span><span class=\"w-post-elm-value\">Go\u00dflerstra\u00dfe 10, 12161 Berlin<\/span><\/div><\/div><\/div><div class=\"w-hwrapper usg_hwrapper_4 align_left valign_top\" style=\"--hwrapper-gap:1.2rem\"><div class=\"w-vwrapper usg_vwrapper_4 align_left valign_top\" style=\"--vwrapper-gap:0.7rem\"><div class=\"w-post-elm post_custom_field usg_post_custom_field_8 type_text kurstyp color_link_inherit\"><span class=\"w-post-elm-value\">Auch als Bildungsurlaub anerkannt!<\/span><\/div><\/div><\/div><div class=\"w-hwrapper usg_hwrapper_8 align_left valign_top\" style=\"--hwrapper-gap:1.2rem\"><div class=\"w-vwrapper usg_vwrapper_11 align_left valign_top\" style=\"--vwrapper-gap:0.7rem\"><\/div><\/div><\/div><div class=\"w-vwrapper usg_vwrapper_2 align_left valign_top\" style=\"--vwrapper-gap:0\"><div class=\"w-hwrapper usg_hwrapper_7 align_left valign_top\" style=\"--hwrapper-gap:1.2rem\"><div class=\"w-post-elm post_taxonomy usg_post_taxonomy_2 has_text_color style_simple color_link_inherit\"><a class=\"term-30 term-a1-2\" href=\"https:\/\/www.italienisch-werkstatt.de\/en\/kurs-category\/a1-2\">A1.2<\/a><\/div><p class=\"w-post-elm post_title usg_post_title_1 has_text_color woocommerce-loop-product__title color_link_inherit\"><a href=\"https:\/\/www.italienisch-werkstatt.de\/en\/kurs\/bu2520\">Anf\u00e4nger mit Vorkenntnissen &#8211; Superintensiv!<\/a><\/p><\/div><div class=\"w-hwrapper usg_hwrapper_3 align_left valign_middle\" style=\"--hwrapper-gap:1.2rem\"><div class=\"w-vwrapper usg_vwrapper_3 align_left valign_bottom\" style=\"--vwrapper-gap:0.7rem\"><div class=\"w-post-elm post_custom_field usg_post_custom_field_11 has_text_color type_text status color_link_inherit\"><span class=\"w-post-elm-value\">Neu<\/span><\/div><div class=\"w-post-elm post_custom_field usg_post_custom_field_5 has_text_color type_text onlineprasenz color_link_inherit\"><span class=\"w-post-elm-value\">Pr\u00e4senz-Unterricht<\/span><\/div><div class=\"w-post-elm post_custom_field usg_post_custom_field_6 type_text wann_ color_link_inherit\"><span class=\"w-post-elm-value\">T\u00e4glich von Mo bis Fr, 09:30 - 12:30 Uhr und 13:30 - 15:00 Uhr <\/span><\/div><div class=\"w-post-elm post_custom_field usg_post_custom_field_10 type_text beginn color_link_inherit\"><span class=\"w-post-elm-value\"><b>Beginn: <\/b>22.06.2026<\/span><\/div><div class=\"w-post-elm post_custom_field usg_post_custom_field_4 type_text standort color_link_inherit\"><span class=\"w-post-elm-before\">Standort: <\/span><span class=\"w-post-elm-value\">Go\u00dflerstra\u00dfe 10, 12161 Berlin<\/span><\/div><div class=\"w-post-elm post_custom_field usg_post_custom_field_7 type_text kurstyp color_link_inherit\"><span class=\"w-post-elm-value\">Auch als Bildungsurlaub anerkannt!<\/span><\/div><\/div><\/div><div class=\"w-hwrapper usg_hwrapper_6 align_left valign_bottom\" style=\"--hwrapper-gap:1.2rem\"><a class=\"w-btn us-btn-style_1 usg_btn_3 icon_atleft\" href=\"https:\/\/www.italienisch-werkstatt.de\/en\/kurs\/bu2520\"><i class=\"fas fa-list\"><\/i><span class=\"w-btn-label\">Info und Anmeldung<\/span><\/a><\/div><\/div>\t\t<\/div>\r\n\t\t\t<\/article>\r\n\t<article class=\"w-grid-item size_1x1 post-8109 product type-product status-publish has-post-thumbnail product_brand-bildundungsurlaub product_cat-a1-2 product_tag-neu product_tag-bildungsurlaub-kurs product_tag-intensiv product_tag-gossler last instock virtual purchasable product-type-simple\" data-id=\"8109\">\r\n\t\t<div class=\"w-grid-item-h\">\r\n\t\t\t\t\t\t<div class=\"w-vwrapper usg_vwrapper_1 align_left valign_middle\" style=\"--vwrapper-gap:0\"><div class=\"w-hwrapper usg_hwrapper_5 align_left valign_top\" style=\"--hwrapper-gap:1.2rem\"><div class=\"w-vwrapper usg_vwrapper_8 align_left valign_top\" style=\"--vwrapper-gap:0.7rem\"><div class=\"w-hwrapper usg_hwrapper_9 align_left valign_top\" style=\"--hwrapper-gap:1.2rem\"><div class=\"w-post-elm post_taxonomy usg_post_taxonomy_1 has_text_color style_simple color_link_inherit\"><a class=\"term-30 term-a1-2\" href=\"https:\/\/www.italienisch-werkstatt.de\/en\/kurs-category\/a1-2\">A1.2<\/a><\/div><h3 class=\"w-post-elm post_title usg_post_title_2 woocommerce-loop-product__title color_link_inherit\"><a href=\"https:\/\/www.italienisch-werkstatt.de\/en\/kurs\/bu2611\">Anf\u00e4nger mit Vorkenntnissen &#8211; Superintensiv!<\/a><\/h3><\/div><\/div><div class=\"w-vwrapper usg_vwrapper_7 align_left valign_top\" style=\"--vwrapper-gap:0.7rem\"><div class=\"w-post-elm post_custom_field usg_post_custom_field_3 has_text_color type_text onlineprasenz color_link_inherit\"><span class=\"w-post-elm-value\">Pr\u00e4senz-Unterricht<\/span><\/div><\/div><\/div><div class=\"w-hwrapper usg_hwrapper_10 align_left valign_top\" style=\"--hwrapper-gap:1.2rem\"><div class=\"w-vwrapper usg_vwrapper_12 align_left valign_top\" style=\"--vwrapper-gap:0.7rem\"><div class=\"w-post-elm post_custom_field usg_post_custom_field_13 type_text wann_ color_link_inherit\"><span class=\"w-post-elm-value\">T\u00e4glich von Mo bis Fr, 09:30 - 12:30 Uhr und 13:30 - 15:00 Uhr <\/span><\/div><\/div><div class=\"w-vwrapper usg_vwrapper_13 align_left valign_top\" style=\"--vwrapper-gap:0.7rem\"><div class=\"w-post-elm post_custom_field usg_post_custom_field_14 has_text_color type_text status color_link_inherit\"><span class=\"w-post-elm-value\">Neu<\/span><\/div><\/div><div class=\"w-vwrapper usg_vwrapper_14 align_left valign_top\" style=\"--vwrapper-gap:0.7rem\"><a class=\"w-btn us-btn-style_1 usg_btn_2 icon_atleft\" href=\"https:\/\/www.italienisch-werkstatt.de\/en\/kurs\/bu2611\"><i class=\"fas fa-list\"><\/i><span class=\"w-btn-label\">Info und Anmeldung<\/span><\/a><\/div><\/div><div class=\"w-hwrapper usg_hwrapper_2 align_left valign_top\" style=\"--hwrapper-gap:1.2rem\"><div class=\"w-vwrapper usg_vwrapper_10 align_left valign_top\" style=\"--vwrapper-gap:0.7rem\"><div class=\"w-post-elm post_custom_field usg_post_custom_field_2 type_text beginn color_link_inherit\"><span class=\"w-post-elm-value\"><b>Beginn: <\/b>24.08.2026<\/span><\/div><\/div><\/div><div class=\"w-hwrapper usg_hwrapper_1 align_left valign_top\" style=\"--hwrapper-gap:1.2rem\"><div class=\"w-vwrapper usg_vwrapper_5 align_left valign_top\" style=\"--vwrapper-gap:0.7rem\"><div class=\"w-post-elm post_custom_field usg_post_custom_field_1 type_text standort color_link_inherit\"><span class=\"w-post-elm-before\">Standort: <\/span><span class=\"w-post-elm-value\">Go\u00dflerstra\u00dfe 10, 12161 Berlin<\/span><\/div><\/div><\/div><div class=\"w-hwrapper usg_hwrapper_4 align_left valign_top\" style=\"--hwrapper-gap:1.2rem\"><div class=\"w-vwrapper usg_vwrapper_4 align_left valign_top\" style=\"--vwrapper-gap:0.7rem\"><div class=\"w-post-elm post_custom_field usg_post_custom_field_8 type_text kurstyp color_link_inherit\"><span class=\"w-post-elm-value\">Auch als Bildungsurlaub anerkannt!<\/span><\/div><\/div><\/div><div class=\"w-hwrapper usg_hwrapper_8 align_left valign_top\" style=\"--hwrapper-gap:1.2rem\"><div class=\"w-vwrapper usg_vwrapper_11 align_left valign_top\" style=\"--vwrapper-gap:0.7rem\"><\/div><\/div><\/div><div class=\"w-vwrapper usg_vwrapper_2 align_left valign_top\" style=\"--vwrapper-gap:0\"><div class=\"w-hwrapper usg_hwrapper_7 align_left valign_top\" style=\"--hwrapper-gap:1.2rem\"><div class=\"w-post-elm post_taxonomy usg_post_taxonomy_2 has_text_color style_simple color_link_inherit\"><a class=\"term-30 term-a1-2\" href=\"https:\/\/www.italienisch-werkstatt.de\/en\/kurs-category\/a1-2\">A1.2<\/a><\/div><p class=\"w-post-elm post_title usg_post_title_1 has_text_color woocommerce-loop-product__title color_link_inherit\"><a href=\"https:\/\/www.italienisch-werkstatt.de\/en\/kurs\/bu2611\">Anf\u00e4nger mit Vorkenntnissen &#8211; Superintensiv!<\/a><\/p><\/div><div class=\"w-hwrapper usg_hwrapper_3 align_left valign_middle\" style=\"--hwrapper-gap:1.2rem\"><div class=\"w-vwrapper usg_vwrapper_3 align_left valign_bottom\" style=\"--vwrapper-gap:0.7rem\"><div class=\"w-post-elm post_custom_field usg_post_custom_field_11 has_text_color type_text status color_link_inherit\"><span class=\"w-post-elm-value\">Neu<\/span><\/div><div class=\"w-post-elm post_custom_field usg_post_custom_field_5 has_text_color type_text onlineprasenz color_link_inherit\"><span class=\"w-post-elm-value\">Pr\u00e4senz-Unterricht<\/span><\/div><div class=\"w-post-elm post_custom_field usg_post_custom_field_6 type_text wann_ color_link_inherit\"><span class=\"w-post-elm-value\">T\u00e4glich von Mo bis Fr, 09:30 - 12:30 Uhr und 13:30 - 15:00 Uhr <\/span><\/div><div class=\"w-post-elm post_custom_field usg_post_custom_field_10 type_text beginn color_link_inherit\"><span class=\"w-post-elm-value\"><b>Beginn: <\/b>24.08.2026<\/span><\/div><div class=\"w-post-elm post_custom_field usg_post_custom_field_4 type_text standort color_link_inherit\"><span class=\"w-post-elm-before\">Standort: <\/span><span class=\"w-post-elm-value\">Go\u00dflerstra\u00dfe 10, 12161 Berlin<\/span><\/div><div class=\"w-post-elm post_custom_field usg_post_custom_field_7 type_text kurstyp color_link_inherit\"><span class=\"w-post-elm-value\">Auch als Bildungsurlaub anerkannt!<\/span><\/div><\/div><\/div><div class=\"w-hwrapper usg_hwrapper_6 align_left valign_bottom\" style=\"--hwrapper-gap:1.2rem\"><a class=\"w-btn us-btn-style_1 usg_btn_3 icon_atleft\" href=\"https:\/\/www.italienisch-werkstatt.de\/en\/kurs\/bu2611\"><i class=\"fas fa-list\"><\/i><span class=\"w-btn-label\">Info und Anmeldung<\/span><\/a><\/div><\/div>\t\t<\/div>\r\n\t\t\t<\/article>\r\n\t<article class=\"w-grid-item size_1x1 post-8111 product type-product status-publish has-post-thumbnail product_brand-bildundungsurlaub product_cat-a1-2 product_tag-neu product_tag-bildungsurlaub-kurs product_tag-intensiv product_tag-gossler first instock virtual purchasable product-type-simple\" data-id=\"8111\">\r\n\t\t<div class=\"w-grid-item-h\">\r\n\t\t\t\t\t\t<div class=\"w-vwrapper usg_vwrapper_1 align_left valign_middle\" style=\"--vwrapper-gap:0\"><div class=\"w-hwrapper usg_hwrapper_5 align_left valign_top\" style=\"--hwrapper-gap:1.2rem\"><div class=\"w-vwrapper usg_vwrapper_8 align_left valign_top\" style=\"--vwrapper-gap:0.7rem\"><div class=\"w-hwrapper usg_hwrapper_9 align_left valign_top\" style=\"--hwrapper-gap:1.2rem\"><div class=\"w-post-elm post_taxonomy usg_post_taxonomy_1 has_text_color style_simple color_link_inherit\"><a class=\"term-30 term-a1-2\" href=\"https:\/\/www.italienisch-werkstatt.de\/en\/kurs-category\/a1-2\">A1.2<\/a><\/div><h3 class=\"w-post-elm post_title usg_post_title_2 woocommerce-loop-product__title color_link_inherit\"><a href=\"https:\/\/www.italienisch-werkstatt.de\/en\/kurs\/bu2612\">Anf\u00e4nger mit Vorkenntnissen &#8211; Superintensiv!<\/a><\/h3><\/div><\/div><div class=\"w-vwrapper usg_vwrapper_7 align_left valign_top\" style=\"--vwrapper-gap:0.7rem\"><div class=\"w-post-elm post_custom_field usg_post_custom_field_3 has_text_color type_text onlineprasenz color_link_inherit\"><span class=\"w-post-elm-value\">Pr\u00e4senz-Unterricht<\/span><\/div><\/div><\/div><div class=\"w-hwrapper usg_hwrapper_10 align_left valign_top\" style=\"--hwrapper-gap:1.2rem\"><div class=\"w-vwrapper usg_vwrapper_12 align_left valign_top\" style=\"--vwrapper-gap:0.7rem\"><div class=\"w-post-elm post_custom_field usg_post_custom_field_13 type_text wann_ color_link_inherit\"><span class=\"w-post-elm-value\">T\u00e4glich von Mo bis Fr, 09:30 - 12:30 Uhr und 13:30 - 15:00 Uhr <\/span><\/div><\/div><div class=\"w-vwrapper usg_vwrapper_13 align_left valign_top\" style=\"--vwrapper-gap:0.7rem\"><div class=\"w-post-elm post_custom_field usg_post_custom_field_14 has_text_color type_text status color_link_inherit\"><span class=\"w-post-elm-value\">Neu<\/span><\/div><\/div><div class=\"w-vwrapper usg_vwrapper_14 align_left valign_top\" style=\"--vwrapper-gap:0.7rem\"><a class=\"w-btn us-btn-style_1 usg_btn_2 icon_atleft\" href=\"https:\/\/www.italienisch-werkstatt.de\/en\/kurs\/bu2612\"><i class=\"fas fa-list\"><\/i><span class=\"w-btn-label\">Info und Anmeldung<\/span><\/a><\/div><\/div><div class=\"w-hwrapper usg_hwrapper_2 align_left valign_top\" style=\"--hwrapper-gap:1.2rem\"><div class=\"w-vwrapper usg_vwrapper_10 align_left valign_top\" style=\"--vwrapper-gap:0.7rem\"><div class=\"w-post-elm post_custom_field usg_post_custom_field_2 type_text beginn color_link_inherit\"><span class=\"w-post-elm-value\"><b>Beginn: <\/b>21.09.2026<\/span><\/div><\/div><\/div><div class=\"w-hwrapper usg_hwrapper_1 align_left valign_top\" style=\"--hwrapper-gap:1.2rem\"><div class=\"w-vwrapper usg_vwrapper_5 align_left valign_top\" style=\"--vwrapper-gap:0.7rem\"><div class=\"w-post-elm post_custom_field usg_post_custom_field_1 type_text standort color_link_inherit\"><span class=\"w-post-elm-before\">Standort: <\/span><span class=\"w-post-elm-value\">Go\u00dflerstra\u00dfe 10, 12161 Berlin<\/span><\/div><\/div><\/div><div class=\"w-hwrapper usg_hwrapper_4 align_left valign_top\" style=\"--hwrapper-gap:1.2rem\"><div class=\"w-vwrapper usg_vwrapper_4 align_left valign_top\" style=\"--vwrapper-gap:0.7rem\"><div class=\"w-post-elm post_custom_field usg_post_custom_field_8 type_text kurstyp color_link_inherit\"><span class=\"w-post-elm-value\">Auch als Bildungsurlaub anerkannt!<\/span><\/div><\/div><\/div><div class=\"w-hwrapper usg_hwrapper_8 align_left valign_top\" style=\"--hwrapper-gap:1.2rem\"><div class=\"w-vwrapper usg_vwrapper_11 align_left valign_top\" style=\"--vwrapper-gap:0.7rem\"><\/div><\/div><\/div><div class=\"w-vwrapper usg_vwrapper_2 align_left valign_top\" style=\"--vwrapper-gap:0\"><div class=\"w-hwrapper usg_hwrapper_7 align_left valign_top\" style=\"--hwrapper-gap:1.2rem\"><div class=\"w-post-elm post_taxonomy usg_post_taxonomy_2 has_text_color style_simple color_link_inherit\"><a class=\"term-30 term-a1-2\" href=\"https:\/\/www.italienisch-werkstatt.de\/en\/kurs-category\/a1-2\">A1.2<\/a><\/div><p class=\"w-post-elm post_title usg_post_title_1 has_text_color woocommerce-loop-product__title color_link_inherit\"><a href=\"https:\/\/www.italienisch-werkstatt.de\/en\/kurs\/bu2612\">Anf\u00e4nger mit Vorkenntnissen &#8211; Superintensiv!<\/a><\/p><\/div><div class=\"w-hwrapper usg_hwrapper_3 align_left valign_middle\" style=\"--hwrapper-gap:1.2rem\"><div class=\"w-vwrapper usg_vwrapper_3 align_left valign_bottom\" style=\"--vwrapper-gap:0.7rem\"><div class=\"w-post-elm post_custom_field usg_post_custom_field_11 has_text_color type_text status color_link_inherit\"><span class=\"w-post-elm-value\">Neu<\/span><\/div><div class=\"w-post-elm post_custom_field usg_post_custom_field_5 has_text_color type_text onlineprasenz color_link_inherit\"><span class=\"w-post-elm-value\">Pr\u00e4senz-Unterricht<\/span><\/div><div class=\"w-post-elm post_custom_field usg_post_custom_field_6 type_text wann_ color_link_inherit\"><span class=\"w-post-elm-value\">T\u00e4glich von Mo bis Fr, 09:30 - 12:30 Uhr und 13:30 - 15:00 Uhr <\/span><\/div><div class=\"w-post-elm post_custom_field usg_post_custom_field_10 type_text beginn color_link_inherit\"><span class=\"w-post-elm-value\"><b>Beginn: <\/b>21.09.2026<\/span><\/div><div class=\"w-post-elm post_custom_field usg_post_custom_field_4 type_text standort color_link_inherit\"><span class=\"w-post-elm-before\">Standort: <\/span><span class=\"w-post-elm-value\">Go\u00dflerstra\u00dfe 10, 12161 Berlin<\/span><\/div><div class=\"w-post-elm post_custom_field usg_post_custom_field_7 type_text kurstyp color_link_inherit\"><span class=\"w-post-elm-value\">Auch als Bildungsurlaub anerkannt!<\/span><\/div><\/div><\/div><div class=\"w-hwrapper usg_hwrapper_6 align_left valign_bottom\" style=\"--hwrapper-gap:1.2rem\"><a class=\"w-btn us-btn-style_1 usg_btn_3 icon_atleft\" href=\"https:\/\/www.italienisch-werkstatt.de\/en\/kurs\/bu2612\"><i class=\"fas fa-list\"><\/i><span class=\"w-btn-label\">Info und Anmeldung<\/span><\/a><\/div><\/div>\t\t<\/div>\r\n\t\t\t<\/article>\r\n\t<article class=\"w-grid-item size_1x1 post-8112 product type-product status-publish has-post-thumbnail product_brand-bildundungsurlaub product_cat-a1-2 product_tag-gossler product_tag-neu product_tag-bildungsurlaub-kurs product_tag-intensiv  instock virtual purchasable product-type-simple\" data-id=\"8112\">\r\n\t\t<div class=\"w-grid-item-h\">\r\n\t\t\t\t\t\t<div class=\"w-vwrapper usg_vwrapper_1 align_left valign_middle\" style=\"--vwrapper-gap:0\"><div class=\"w-hwrapper usg_hwrapper_5 align_left valign_top\" style=\"--hwrapper-gap:1.2rem\"><div class=\"w-vwrapper usg_vwrapper_8 align_left valign_top\" style=\"--vwrapper-gap:0.7rem\"><div class=\"w-hwrapper usg_hwrapper_9 align_left valign_top\" style=\"--hwrapper-gap:1.2rem\"><div class=\"w-post-elm post_taxonomy usg_post_taxonomy_1 has_text_color style_simple color_link_inherit\"><a class=\"term-30 term-a1-2\" href=\"https:\/\/www.italienisch-werkstatt.de\/en\/kurs-category\/a1-2\">A1.2<\/a><\/div><h3 class=\"w-post-elm post_title usg_post_title_2 woocommerce-loop-product__title color_link_inherit\"><a href=\"https:\/\/www.italienisch-werkstatt.de\/en\/kurs\/bu2613\">Anf\u00e4nger mit Vorkenntnissen &#8211; Superintensiv!<\/a><\/h3><\/div><\/div><div class=\"w-vwrapper usg_vwrapper_7 align_left valign_top\" style=\"--vwrapper-gap:0.7rem\"><div class=\"w-post-elm post_custom_field usg_post_custom_field_3 has_text_color type_text onlineprasenz color_link_inherit\"><span class=\"w-post-elm-value\">Pr\u00e4senz-Unterricht<\/span><\/div><\/div><\/div><div class=\"w-hwrapper usg_hwrapper_10 align_left valign_top\" style=\"--hwrapper-gap:1.2rem\"><div class=\"w-vwrapper usg_vwrapper_12 align_left valign_top\" style=\"--vwrapper-gap:0.7rem\"><div class=\"w-post-elm post_custom_field usg_post_custom_field_13 type_text wann_ color_link_inherit\"><span class=\"w-post-elm-value\">T\u00e4glich von Mo bis Fr, 09:30 - 12:30 Uhr und 13:30 - 15:00 Uhr <\/span><\/div><\/div><div class=\"w-vwrapper usg_vwrapper_13 align_left valign_top\" style=\"--vwrapper-gap:0.7rem\"><div class=\"w-post-elm post_custom_field usg_post_custom_field_14 has_text_color type_text status color_link_inherit\"><span class=\"w-post-elm-value\">Neu<\/span><\/div><\/div><div class=\"w-vwrapper usg_vwrapper_14 align_left valign_top\" style=\"--vwrapper-gap:0.7rem\"><a class=\"w-btn us-btn-style_1 usg_btn_2 icon_atleft\" href=\"https:\/\/www.italienisch-werkstatt.de\/en\/kurs\/bu2613\"><i class=\"fas fa-list\"><\/i><span class=\"w-btn-label\">Info und Anmeldung<\/span><\/a><\/div><\/div><div class=\"w-hwrapper usg_hwrapper_2 align_left valign_top\" style=\"--hwrapper-gap:1.2rem\"><div class=\"w-vwrapper usg_vwrapper_10 align_left valign_top\" style=\"--vwrapper-gap:0.7rem\"><div class=\"w-post-elm post_custom_field usg_post_custom_field_2 type_text beginn color_link_inherit\"><span class=\"w-post-elm-value\"><b>Beginn: <\/b>19.10.2026<\/span><\/div><\/div><\/div><div class=\"w-hwrapper usg_hwrapper_1 align_left valign_top\" style=\"--hwrapper-gap:1.2rem\"><div class=\"w-vwrapper usg_vwrapper_5 align_left valign_top\" style=\"--vwrapper-gap:0.7rem\"><div class=\"w-post-elm post_custom_field usg_post_custom_field_1 type_text standort color_link_inherit\"><span class=\"w-post-elm-before\">Standort: <\/span><span class=\"w-post-elm-value\">Go\u00dflerstra\u00dfe 10, 12161 Berlin<\/span><\/div><\/div><\/div><div class=\"w-hwrapper usg_hwrapper_4 align_left valign_top\" style=\"--hwrapper-gap:1.2rem\"><div class=\"w-vwrapper usg_vwrapper_4 align_left valign_top\" style=\"--vwrapper-gap:0.7rem\"><div class=\"w-post-elm post_custom_field usg_post_custom_field_8 type_text kurstyp color_link_inherit\"><span class=\"w-post-elm-value\">Auch als Bildungsurlaub anerkannt!<\/span><\/div><\/div><\/div><div class=\"w-hwrapper usg_hwrapper_8 align_left valign_top\" style=\"--hwrapper-gap:1.2rem\"><div class=\"w-vwrapper usg_vwrapper_11 align_left valign_top\" style=\"--vwrapper-gap:0.7rem\"><\/div><\/div><\/div><div class=\"w-vwrapper usg_vwrapper_2 align_left valign_top\" style=\"--vwrapper-gap:0\"><div class=\"w-hwrapper usg_hwrapper_7 align_left valign_top\" style=\"--hwrapper-gap:1.2rem\"><div class=\"w-post-elm post_taxonomy usg_post_taxonomy_2 has_text_color style_simple color_link_inherit\"><a class=\"term-30 term-a1-2\" href=\"https:\/\/www.italienisch-werkstatt.de\/en\/kurs-category\/a1-2\">A1.2<\/a><\/div><p class=\"w-post-elm post_title usg_post_title_1 has_text_color woocommerce-loop-product__title color_link_inherit\"><a href=\"https:\/\/www.italienisch-werkstatt.de\/en\/kurs\/bu2613\">Anf\u00e4nger mit Vorkenntnissen &#8211; Superintensiv!<\/a><\/p><\/div><div class=\"w-hwrapper usg_hwrapper_3 align_left valign_middle\" style=\"--hwrapper-gap:1.2rem\"><div class=\"w-vwrapper usg_vwrapper_3 align_left valign_bottom\" style=\"--vwrapper-gap:0.7rem\"><div class=\"w-post-elm post_custom_field usg_post_custom_field_11 has_text_color type_text status color_link_inherit\"><span class=\"w-post-elm-value\">Neu<\/span><\/div><div class=\"w-post-elm post_custom_field usg_post_custom_field_5 has_text_color type_text onlineprasenz color_link_inherit\"><span class=\"w-post-elm-value\">Pr\u00e4senz-Unterricht<\/span><\/div><div class=\"w-post-elm post_custom_field usg_post_custom_field_6 type_text wann_ color_link_inherit\"><span class=\"w-post-elm-value\">T\u00e4glich von Mo bis Fr, 09:30 - 12:30 Uhr und 13:30 - 15:00 Uhr <\/span><\/div><div class=\"w-post-elm post_custom_field usg_post_custom_field_10 type_text beginn color_link_inherit\"><span class=\"w-post-elm-value\"><b>Beginn: <\/b>19.10.2026<\/span><\/div><div class=\"w-post-elm post_custom_field usg_post_custom_field_4 type_text standort color_link_inherit\"><span class=\"w-post-elm-before\">Standort: <\/span><span class=\"w-post-elm-value\">Go\u00dflerstra\u00dfe 10, 12161 Berlin<\/span><\/div><div class=\"w-post-elm post_custom_field usg_post_custom_field_7 type_text kurstyp color_link_inherit\"><span class=\"w-post-elm-value\">Auch als Bildungsurlaub anerkannt!<\/span><\/div><\/div><\/div><div class=\"w-hwrapper usg_hwrapper_6 align_left valign_bottom\" style=\"--hwrapper-gap:1.2rem\"><a class=\"w-btn us-btn-style_1 usg_btn_3 icon_atleft\" href=\"https:\/\/www.italienisch-werkstatt.de\/en\/kurs\/bu2613\"><i class=\"fas fa-list\"><\/i><span class=\"w-btn-label\">Info und Anmeldung<\/span><\/a><\/div><\/div>\t\t<\/div>\r\n\t\t\t<\/article>\r\n\t<article class=\"w-grid-item size_1x1 post-8113 product type-product status-publish has-post-thumbnail product_brand-bildundungsurlaub product_cat-a1-2 product_tag-neu product_tag-bildungsurlaub-kurs product_tag-intensiv product_tag-gossler last instock virtual purchasable product-type-simple\" data-id=\"8113\">\r\n\t\t<div class=\"w-grid-item-h\">\r\n\t\t\t\t\t\t<div class=\"w-vwrapper usg_vwrapper_1 align_left valign_middle\" style=\"--vwrapper-gap:0\"><div class=\"w-hwrapper usg_hwrapper_5 align_left valign_top\" style=\"--hwrapper-gap:1.2rem\"><div class=\"w-vwrapper usg_vwrapper_8 align_left valign_top\" style=\"--vwrapper-gap:0.7rem\"><div class=\"w-hwrapper usg_hwrapper_9 align_left valign_top\" style=\"--hwrapper-gap:1.2rem\"><div class=\"w-post-elm post_taxonomy usg_post_taxonomy_1 has_text_color style_simple color_link_inherit\"><a class=\"term-30 term-a1-2\" href=\"https:\/\/www.italienisch-werkstatt.de\/en\/kurs-category\/a1-2\">A1.2<\/a><\/div><h3 class=\"w-post-elm post_title usg_post_title_2 woocommerce-loop-product__title color_link_inherit\"><a href=\"https:\/\/www.italienisch-werkstatt.de\/en\/kurs\/bu2614\">Anf\u00e4nger mit Vorkenntnissen &#8211; Superintensiv!<\/a><\/h3><\/div><\/div><div class=\"w-vwrapper usg_vwrapper_7 align_left valign_top\" style=\"--vwrapper-gap:0.7rem\"><div class=\"w-post-elm post_custom_field usg_post_custom_field_3 has_text_color type_text onlineprasenz color_link_inherit\"><span class=\"w-post-elm-value\">Pr\u00e4senz-Unterricht<\/span><\/div><\/div><\/div><div class=\"w-hwrapper usg_hwrapper_10 align_left valign_top\" style=\"--hwrapper-gap:1.2rem\"><div class=\"w-vwrapper usg_vwrapper_12 align_left valign_top\" style=\"--vwrapper-gap:0.7rem\"><div class=\"w-post-elm post_custom_field usg_post_custom_field_13 type_text wann_ color_link_inherit\"><span class=\"w-post-elm-value\">T\u00e4glich von Mo bis Fr, 09:30 - 12:30 Uhr und 13:30 - 15:00 Uhr <\/span><\/div><\/div><div class=\"w-vwrapper usg_vwrapper_13 align_left valign_top\" style=\"--vwrapper-gap:0.7rem\"><div class=\"w-post-elm post_custom_field usg_post_custom_field_14 has_text_color type_text status color_link_inherit\"><span class=\"w-post-elm-value\">Neu<\/span><\/div><\/div><div class=\"w-vwrapper usg_vwrapper_14 align_left valign_top\" style=\"--vwrapper-gap:0.7rem\"><a class=\"w-btn us-btn-style_1 usg_btn_2 icon_atleft\" href=\"https:\/\/www.italienisch-werkstatt.de\/en\/kurs\/bu2614\"><i class=\"fas fa-list\"><\/i><span class=\"w-btn-label\">Info und Anmeldung<\/span><\/a><\/div><\/div><div class=\"w-hwrapper usg_hwrapper_2 align_left valign_top\" style=\"--hwrapper-gap:1.2rem\"><div class=\"w-vwrapper usg_vwrapper_10 align_left valign_top\" style=\"--vwrapper-gap:0.7rem\"><div class=\"w-post-elm post_custom_field usg_post_custom_field_2 type_text beginn color_link_inherit\"><span class=\"w-post-elm-value\"><b>Beginn: <\/b>23.11.2026<\/span><\/div><\/div><\/div><div class=\"w-hwrapper usg_hwrapper_1 align_left valign_top\" style=\"--hwrapper-gap:1.2rem\"><div class=\"w-vwrapper usg_vwrapper_5 align_left valign_top\" style=\"--vwrapper-gap:0.7rem\"><div class=\"w-post-elm post_custom_field usg_post_custom_field_1 type_text standort color_link_inherit\"><span class=\"w-post-elm-before\">Standort: <\/span><span class=\"w-post-elm-value\">Go\u00dflerstra\u00dfe 10, 12161 Berlin<\/span><\/div><\/div><\/div><div class=\"w-hwrapper usg_hwrapper_4 align_left valign_top\" style=\"--hwrapper-gap:1.2rem\"><div class=\"w-vwrapper usg_vwrapper_4 align_left valign_top\" style=\"--vwrapper-gap:0.7rem\"><div class=\"w-post-elm post_custom_field usg_post_custom_field_8 type_text kurstyp color_link_inherit\"><span class=\"w-post-elm-value\">Auch als Bildungsurlaub anerkannt!<\/span><\/div><\/div><\/div><div class=\"w-hwrapper usg_hwrapper_8 align_left valign_top\" style=\"--hwrapper-gap:1.2rem\"><div class=\"w-vwrapper usg_vwrapper_11 align_left valign_top\" style=\"--vwrapper-gap:0.7rem\"><\/div><\/div><\/div><div class=\"w-vwrapper usg_vwrapper_2 align_left valign_top\" style=\"--vwrapper-gap:0\"><div class=\"w-hwrapper usg_hwrapper_7 align_left valign_top\" style=\"--hwrapper-gap:1.2rem\"><div class=\"w-post-elm post_taxonomy usg_post_taxonomy_2 has_text_color style_simple color_link_inherit\"><a class=\"term-30 term-a1-2\" href=\"https:\/\/www.italienisch-werkstatt.de\/en\/kurs-category\/a1-2\">A1.2<\/a><\/div><p class=\"w-post-elm post_title usg_post_title_1 has_text_color woocommerce-loop-product__title color_link_inherit\"><a href=\"https:\/\/www.italienisch-werkstatt.de\/en\/kurs\/bu2614\">Anf\u00e4nger mit Vorkenntnissen &#8211; Superintensiv!<\/a><\/p><\/div><div class=\"w-hwrapper usg_hwrapper_3 align_left valign_middle\" style=\"--hwrapper-gap:1.2rem\"><div class=\"w-vwrapper usg_vwrapper_3 align_left valign_bottom\" style=\"--vwrapper-gap:0.7rem\"><div class=\"w-post-elm post_custom_field usg_post_custom_field_11 has_text_color type_text status color_link_inherit\"><span class=\"w-post-elm-value\">Neu<\/span><\/div><div class=\"w-post-elm post_custom_field usg_post_custom_field_5 has_text_color type_text onlineprasenz color_link_inherit\"><span class=\"w-post-elm-value\">Pr\u00e4senz-Unterricht<\/span><\/div><div class=\"w-post-elm post_custom_field usg_post_custom_field_6 type_text wann_ color_link_inherit\"><span class=\"w-post-elm-value\">T\u00e4glich von Mo bis Fr, 09:30 - 12:30 Uhr und 13:30 - 15:00 Uhr <\/span><\/div><div class=\"w-post-elm post_custom_field usg_post_custom_field_10 type_text beginn color_link_inherit\"><span class=\"w-post-elm-value\"><b>Beginn: <\/b>23.11.2026<\/span><\/div><div class=\"w-post-elm post_custom_field usg_post_custom_field_4 type_text standort color_link_inherit\"><span class=\"w-post-elm-before\">Standort: <\/span><span class=\"w-post-elm-value\">Go\u00dflerstra\u00dfe 10, 12161 Berlin<\/span><\/div><div class=\"w-post-elm post_custom_field usg_post_custom_field_7 type_text kurstyp color_link_inherit\"><span class=\"w-post-elm-value\">Auch als Bildungsurlaub anerkannt!<\/span><\/div><\/div><\/div><div class=\"w-hwrapper usg_hwrapper_6 align_left valign_bottom\" style=\"--hwrapper-gap:1.2rem\"><a class=\"w-btn us-btn-style_1 usg_btn_3 icon_atleft\" href=\"https:\/\/www.italienisch-werkstatt.de\/en\/kurs\/bu2614\"><i class=\"fas fa-list\"><\/i><span class=\"w-btn-label\">Info und Anmeldung<\/span><\/a><\/div><\/div>\t\t<\/div>\r\n\t\t\t<\/article>\r\n\t<article class=\"w-grid-item size_1x1 post-8114 product type-product status-publish has-post-thumbnail product_brand-bildundungsurlaub product_cat-a2 product_tag-neu product_tag-bildungsurlaub-kurs product_tag-intensiv product_tag-display product_tag-gossler first instock virtual purchasable product-type-simple\" data-id=\"8114\">\r\n\t\t<div class=\"w-grid-item-h\">\r\n\t\t\t\t\t\t<div class=\"w-vwrapper usg_vwrapper_1 align_left valign_middle\" style=\"--vwrapper-gap:0\"><div class=\"w-hwrapper usg_hwrapper_5 align_left valign_top\" style=\"--hwrapper-gap:1.2rem\"><div class=\"w-vwrapper usg_vwrapper_8 align_left valign_top\" style=\"--vwrapper-gap:0.7rem\"><div class=\"w-hwrapper usg_hwrapper_9 align_left valign_top\" style=\"--hwrapper-gap:1.2rem\"><div class=\"w-post-elm post_taxonomy usg_post_taxonomy_1 has_text_color style_simple color_link_inherit\"><a class=\"term-143 term-a2\" href=\"https:\/\/www.italienisch-werkstatt.de\/en\/kurs-category\/a2\">A2<\/a><\/div><h3 class=\"w-post-elm post_title usg_post_title_2 woocommerce-loop-product__title color_link_inherit\"><a href=\"https:\/\/www.italienisch-werkstatt.de\/en\/kurs\/bu2621\">Mittelstufe II &#8211; Superintensiv!<\/a><\/h3><\/div><\/div><div class=\"w-vwrapper usg_vwrapper_7 align_left valign_top\" style=\"--vwrapper-gap:0.7rem\"><div class=\"w-post-elm post_custom_field usg_post_custom_field_3 has_text_color type_text onlineprasenz color_link_inherit\"><span class=\"w-post-elm-value\">Pr\u00e4senz-Unterricht<\/span><\/div><\/div><\/div><div class=\"w-hwrapper usg_hwrapper_10 align_left valign_top\" style=\"--hwrapper-gap:1.2rem\"><div class=\"w-vwrapper usg_vwrapper_12 align_left valign_top\" style=\"--vwrapper-gap:0.7rem\"><div class=\"w-post-elm post_custom_field usg_post_custom_field_13 type_text wann_ color_link_inherit\"><span class=\"w-post-elm-value\">T\u00e4glich von Mo bis Fr, 09:30 - 12:30 Uhr und 13:30 - 15:00 Uhr <\/span><\/div><\/div><div class=\"w-vwrapper usg_vwrapper_13 align_left valign_top\" style=\"--vwrapper-gap:0.7rem\"><div class=\"w-post-elm post_custom_field usg_post_custom_field_14 has_text_color type_text status color_link_inherit\"><span class=\"w-post-elm-value\">Neu<\/span><\/div><\/div><div class=\"w-vwrapper usg_vwrapper_14 align_left valign_top\" style=\"--vwrapper-gap:0.7rem\"><a class=\"w-btn us-btn-style_1 usg_btn_2 icon_atleft\" href=\"https:\/\/www.italienisch-werkstatt.de\/en\/kurs\/bu2621\"><i class=\"fas fa-list\"><\/i><span class=\"w-btn-label\">Info und Anmeldung<\/span><\/a><\/div><\/div><div class=\"w-hwrapper usg_hwrapper_2 align_left valign_top\" style=\"--hwrapper-gap:1.2rem\"><div class=\"w-vwrapper usg_vwrapper_10 align_left valign_top\" style=\"--vwrapper-gap:0.7rem\"><div class=\"w-post-elm post_custom_field usg_post_custom_field_2 type_text beginn color_link_inherit\"><span class=\"w-post-elm-value\"><b>Beginn: <\/b>28.09.2026<\/span><\/div><\/div><\/div><div class=\"w-hwrapper usg_hwrapper_1 align_left valign_top\" style=\"--hwrapper-gap:1.2rem\"><div class=\"w-vwrapper usg_vwrapper_5 align_left valign_top\" style=\"--vwrapper-gap:0.7rem\"><div class=\"w-post-elm post_custom_field usg_post_custom_field_1 type_text standort color_link_inherit\"><span class=\"w-post-elm-before\">Standort: <\/span><span class=\"w-post-elm-value\">Go\u00dflerstra\u00dfe 10, 12161 Berlin<\/span><\/div><\/div><\/div><div class=\"w-hwrapper usg_hwrapper_4 align_left valign_top\" style=\"--hwrapper-gap:1.2rem\"><div class=\"w-vwrapper usg_vwrapper_4 align_left valign_top\" style=\"--vwrapper-gap:0.7rem\"><div class=\"w-post-elm post_custom_field usg_post_custom_field_8 type_text kurstyp color_link_inherit\"><span class=\"w-post-elm-value\">Auch als Bildungsurlaub anerkannt!<\/span><\/div><\/div><\/div><div class=\"w-hwrapper usg_hwrapper_8 align_left valign_top\" style=\"--hwrapper-gap:1.2rem\"><div class=\"w-vwrapper usg_vwrapper_11 align_left valign_top\" style=\"--vwrapper-gap:0.7rem\"><\/div><\/div><\/div><div class=\"w-vwrapper usg_vwrapper_2 align_left valign_top\" style=\"--vwrapper-gap:0\"><div class=\"w-hwrapper usg_hwrapper_7 align_left valign_top\" style=\"--hwrapper-gap:1.2rem\"><div class=\"w-post-elm post_taxonomy usg_post_taxonomy_2 has_text_color style_simple color_link_inherit\"><a class=\"term-143 term-a2\" href=\"https:\/\/www.italienisch-werkstatt.de\/en\/kurs-category\/a2\">A2<\/a><\/div><p class=\"w-post-elm post_title usg_post_title_1 has_text_color woocommerce-loop-product__title color_link_inherit\"><a href=\"https:\/\/www.italienisch-werkstatt.de\/en\/kurs\/bu2621\">Mittelstufe II &#8211; Superintensiv!<\/a><\/p><\/div><div class=\"w-hwrapper usg_hwrapper_3 align_left valign_middle\" style=\"--hwrapper-gap:1.2rem\"><div class=\"w-vwrapper usg_vwrapper_3 align_left valign_bottom\" style=\"--vwrapper-gap:0.7rem\"><div class=\"w-post-elm post_custom_field usg_post_custom_field_11 has_text_color type_text status color_link_inherit\"><span class=\"w-post-elm-value\">Neu<\/span><\/div><div class=\"w-post-elm post_custom_field usg_post_custom_field_5 has_text_color type_text onlineprasenz color_link_inherit\"><span class=\"w-post-elm-value\">Pr\u00e4senz-Unterricht<\/span><\/div><div class=\"w-post-elm post_custom_field usg_post_custom_field_6 type_text wann_ color_link_inherit\"><span class=\"w-post-elm-value\">T\u00e4glich von Mo bis Fr, 09:30 - 12:30 Uhr und 13:30 - 15:00 Uhr <\/span><\/div><div class=\"w-post-elm post_custom_field usg_post_custom_field_10 type_text beginn color_link_inherit\"><span class=\"w-post-elm-value\"><b>Beginn: <\/b>28.09.2026<\/span><\/div><div class=\"w-post-elm post_custom_field usg_post_custom_field_4 type_text standort color_link_inherit\"><span class=\"w-post-elm-before\">Standort: <\/span><span class=\"w-post-elm-value\">Go\u00dflerstra\u00dfe 10, 12161 Berlin<\/span><\/div><div class=\"w-post-elm post_custom_field usg_post_custom_field_7 type_text kurstyp color_link_inherit\"><span class=\"w-post-elm-value\">Auch als Bildungsurlaub anerkannt!<\/span><\/div><\/div><\/div><div class=\"w-hwrapper usg_hwrapper_6 align_left valign_bottom\" style=\"--hwrapper-gap:1.2rem\"><a class=\"w-btn us-btn-style_1 usg_btn_3 icon_atleft\" href=\"https:\/\/www.italienisch-werkstatt.de\/en\/kurs\/bu2621\"><i class=\"fas fa-list\"><\/i><span class=\"w-btn-label\">Info und Anmeldung<\/span><\/a><\/div><\/div>\t\t<\/div>\r\n\t\t\t<\/article>\r\n\t<article class=\"w-grid-item size_1x1 post-8115 product type-product status-publish has-post-thumbnail product_brand-bildundungsurlaub product_cat-b1-1-2 product_tag-neu product_tag-bildungsurlaub-kurs product_tag-intensiv product_tag-display product_tag-gossler  instock virtual purchasable product-type-simple\" data-id=\"8115\">\r\n\t\t<div class=\"w-grid-item-h\">\r\n\t\t\t\t\t\t<div class=\"w-vwrapper usg_vwrapper_1 align_left valign_middle\" style=\"--vwrapper-gap:0\"><div class=\"w-hwrapper usg_hwrapper_5 align_left valign_top\" style=\"--hwrapper-gap:1.2rem\"><div class=\"w-vwrapper usg_vwrapper_8 align_left valign_top\" style=\"--vwrapper-gap:0.7rem\"><div class=\"w-hwrapper usg_hwrapper_9 align_left valign_top\" style=\"--hwrapper-gap:1.2rem\"><div class=\"w-post-elm post_taxonomy usg_post_taxonomy_1 has_text_color style_simple color_link_inherit\"><a class=\"term-77 term-b1-1-2\" href=\"https:\/\/www.italienisch-werkstatt.de\/en\/kurs-category\/b1-1-2\">B1.1-2<\/a><\/div><h3 class=\"w-post-elm post_title usg_post_title_2 woocommerce-loop-product__title color_link_inherit\"><a href=\"https:\/\/www.italienisch-werkstatt.de\/en\/kurs\/bildungsurlaub2631\">Fortgeschritten &#8211; Superintensiv!<\/a><\/h3><\/div><\/div><div class=\"w-vwrapper usg_vwrapper_7 align_left valign_top\" style=\"--vwrapper-gap:0.7rem\"><div class=\"w-post-elm post_custom_field usg_post_custom_field_3 has_text_color type_text onlineprasenz color_link_inherit\"><span class=\"w-post-elm-value\">Pr\u00e4senz-Unterricht<\/span><\/div><\/div><\/div><div class=\"w-hwrapper usg_hwrapper_10 align_left valign_top\" style=\"--hwrapper-gap:1.2rem\"><div class=\"w-vwrapper usg_vwrapper_12 align_left valign_top\" style=\"--vwrapper-gap:0.7rem\"><div class=\"w-post-elm post_custom_field usg_post_custom_field_13 type_text wann_ color_link_inherit\"><span class=\"w-post-elm-value\">T\u00e4glich von Mo bis Fr, 09:30 - 12:30 Uhr und 13:30 - 15:00 Uhr <\/span><\/div><\/div><div class=\"w-vwrapper usg_vwrapper_13 align_left valign_top\" style=\"--vwrapper-gap:0.7rem\"><div class=\"w-post-elm post_custom_field usg_post_custom_field_14 has_text_color type_text status color_link_inherit\"><span class=\"w-post-elm-value\">Neu<\/span><\/div><\/div><div class=\"w-vwrapper usg_vwrapper_14 align_left valign_top\" style=\"--vwrapper-gap:0.7rem\"><a class=\"w-btn us-btn-style_1 usg_btn_2 icon_atleft\" href=\"https:\/\/www.italienisch-werkstatt.de\/en\/kurs\/bildungsurlaub2631\"><i class=\"fas fa-list\"><\/i><span class=\"w-btn-label\">Info und Anmeldung<\/span><\/a><\/div><\/div><div class=\"w-hwrapper usg_hwrapper_2 align_left valign_top\" style=\"--hwrapper-gap:1.2rem\"><div class=\"w-vwrapper usg_vwrapper_10 align_left valign_top\" style=\"--vwrapper-gap:0.7rem\"><div class=\"w-post-elm post_custom_field usg_post_custom_field_2 type_text beginn color_link_inherit\"><span class=\"w-post-elm-value\"><b>Beginn: <\/b>08.06.2026<\/span><\/div><\/div><\/div><div class=\"w-hwrapper usg_hwrapper_1 align_left valign_top\" style=\"--hwrapper-gap:1.2rem\"><div class=\"w-vwrapper usg_vwrapper_5 align_left valign_top\" style=\"--vwrapper-gap:0.7rem\"><div class=\"w-post-elm post_custom_field usg_post_custom_field_1 type_text standort color_link_inherit\"><span class=\"w-post-elm-before\">Standort: <\/span><span class=\"w-post-elm-value\">Go\u00dflerstra\u00dfe 10, 12161 Berlin<\/span><\/div><\/div><\/div><div class=\"w-hwrapper usg_hwrapper_4 align_left valign_top\" style=\"--hwrapper-gap:1.2rem\"><div class=\"w-vwrapper usg_vwrapper_4 align_left valign_top\" style=\"--vwrapper-gap:0.7rem\"><div class=\"w-post-elm post_custom_field usg_post_custom_field_8 type_text kurstyp color_link_inherit\"><span class=\"w-post-elm-value\">Auch als Bildungsurlaub anerkannt!<\/span><\/div><\/div><\/div><div class=\"w-hwrapper usg_hwrapper_8 align_left valign_top\" style=\"--hwrapper-gap:1.2rem\"><div class=\"w-vwrapper usg_vwrapper_11 align_left valign_top\" style=\"--vwrapper-gap:0.7rem\"><\/div><\/div><\/div><div class=\"w-vwrapper usg_vwrapper_2 align_left valign_top\" style=\"--vwrapper-gap:0\"><div class=\"w-hwrapper usg_hwrapper_7 align_left valign_top\" style=\"--hwrapper-gap:1.2rem\"><div class=\"w-post-elm post_taxonomy usg_post_taxonomy_2 has_text_color style_simple color_link_inherit\"><a class=\"term-77 term-b1-1-2\" href=\"https:\/\/www.italienisch-werkstatt.de\/en\/kurs-category\/b1-1-2\">B1.1-2<\/a><\/div><p class=\"w-post-elm post_title usg_post_title_1 has_text_color woocommerce-loop-product__title color_link_inherit\"><a href=\"https:\/\/www.italienisch-werkstatt.de\/en\/kurs\/bildungsurlaub2631\">Fortgeschritten &#8211; Superintensiv!<\/a><\/p><\/div><div class=\"w-hwrapper usg_hwrapper_3 align_left valign_middle\" style=\"--hwrapper-gap:1.2rem\"><div class=\"w-vwrapper usg_vwrapper_3 align_left valign_bottom\" style=\"--vwrapper-gap:0.7rem\"><div class=\"w-post-elm post_custom_field usg_post_custom_field_11 has_text_color type_text status color_link_inherit\"><span class=\"w-post-elm-value\">Neu<\/span><\/div><div class=\"w-post-elm post_custom_field usg_post_custom_field_5 has_text_color type_text onlineprasenz color_link_inherit\"><span class=\"w-post-elm-value\">Pr\u00e4senz-Unterricht<\/span><\/div><div class=\"w-post-elm post_custom_field usg_post_custom_field_6 type_text wann_ color_link_inherit\"><span class=\"w-post-elm-value\">T\u00e4glich von Mo bis Fr, 09:30 - 12:30 Uhr und 13:30 - 15:00 Uhr <\/span><\/div><div class=\"w-post-elm post_custom_field usg_post_custom_field_10 type_text beginn color_link_inherit\"><span class=\"w-post-elm-value\"><b>Beginn: <\/b>08.06.2026<\/span><\/div><div class=\"w-post-elm post_custom_field usg_post_custom_field_4 type_text standort color_link_inherit\"><span class=\"w-post-elm-before\">Standort: <\/span><span class=\"w-post-elm-value\">Go\u00dflerstra\u00dfe 10, 12161 Berlin<\/span><\/div><div class=\"w-post-elm post_custom_field usg_post_custom_field_7 type_text kurstyp color_link_inherit\"><span class=\"w-post-elm-value\">Auch als Bildungsurlaub anerkannt!<\/span><\/div><\/div><\/div><div class=\"w-hwrapper usg_hwrapper_6 align_left valign_bottom\" style=\"--hwrapper-gap:1.2rem\"><a class=\"w-btn us-btn-style_1 usg_btn_3 icon_atleft\" href=\"https:\/\/www.italienisch-werkstatt.de\/en\/kurs\/bildungsurlaub2631\"><i class=\"fas fa-list\"><\/i><span class=\"w-btn-label\">Info und Anmeldung<\/span><\/a><\/div><\/div>\t\t<\/div>\r\n\t\t\t<\/article>\r\n\t<article class=\"w-grid-item size_1x1 post-8190 product type-product status-publish has-post-thumbnail product_brand-bildundungsurlaub product_cat-b1-1-2 product_tag-intensiv product_tag-display product_tag-gossler product_tag-neu product_tag-bildungsurlaub-kurs last instock virtual purchasable product-type-simple\" data-id=\"8190\">\r\n\t\t<div class=\"w-grid-item-h\">\r\n\t\t\t\t\t\t<div class=\"w-vwrapper usg_vwrapper_1 align_left valign_middle\" style=\"--vwrapper-gap:0\"><div class=\"w-hwrapper usg_hwrapper_5 align_left valign_top\" style=\"--hwrapper-gap:1.2rem\"><div class=\"w-vwrapper usg_vwrapper_8 align_left valign_top\" style=\"--vwrapper-gap:0.7rem\"><div class=\"w-hwrapper usg_hwrapper_9 align_left valign_top\" style=\"--hwrapper-gap:1.2rem\"><div class=\"w-post-elm post_taxonomy usg_post_taxonomy_1 has_text_color style_simple color_link_inherit\"><a class=\"term-77 term-b1-1-2\" href=\"https:\/\/www.italienisch-werkstatt.de\/en\/kurs-category\/b1-1-2\">B1.1-2<\/a><\/div><h3 class=\"w-post-elm post_title usg_post_title_2 woocommerce-loop-product__title color_link_inherit\"><a href=\"https:\/\/www.italienisch-werkstatt.de\/en\/kurs\/bildungsurlaub2632\">Fortgeschritten &#8211; Superintensiv!<\/a><\/h3><\/div><\/div><div class=\"w-vwrapper usg_vwrapper_7 align_left valign_top\" style=\"--vwrapper-gap:0.7rem\"><div class=\"w-post-elm post_custom_field usg_post_custom_field_3 has_text_color type_text onlineprasenz color_link_inherit\"><span class=\"w-post-elm-value\">Pr\u00e4senz-Unterricht<\/span><\/div><\/div><\/div><div class=\"w-hwrapper usg_hwrapper_10 align_left valign_top\" style=\"--hwrapper-gap:1.2rem\"><div class=\"w-vwrapper usg_vwrapper_12 align_left valign_top\" style=\"--vwrapper-gap:0.7rem\"><div class=\"w-post-elm post_custom_field usg_post_custom_field_13 type_text wann_ color_link_inherit\"><span class=\"w-post-elm-value\">T\u00e4glich von Mo bis Fr, 09:30 - 12:30 Uhr und 13:30 - 15:00 Uhr <\/span><\/div><\/div><div class=\"w-vwrapper usg_vwrapper_13 align_left valign_top\" style=\"--vwrapper-gap:0.7rem\"><div class=\"w-post-elm post_custom_field usg_post_custom_field_14 has_text_color type_text status color_link_inherit\"><span class=\"w-post-elm-value\">Neu<\/span><\/div><\/div><div class=\"w-vwrapper usg_vwrapper_14 align_left valign_top\" style=\"--vwrapper-gap:0.7rem\"><a class=\"w-btn us-btn-style_1 usg_btn_2 icon_atleft\" href=\"https:\/\/www.italienisch-werkstatt.de\/en\/kurs\/bildungsurlaub2632\"><i class=\"fas fa-list\"><\/i><span class=\"w-btn-label\">Info und Anmeldung<\/span><\/a><\/div><\/div><div class=\"w-hwrapper usg_hwrapper_2 align_left valign_top\" style=\"--hwrapper-gap:1.2rem\"><div class=\"w-vwrapper usg_vwrapper_10 align_left valign_top\" style=\"--vwrapper-gap:0.7rem\"><div class=\"w-post-elm post_custom_field usg_post_custom_field_2 type_text beginn color_link_inherit\"><span class=\"w-post-elm-value\"><b>Beginn: <\/b>09.11.2026<\/span><\/div><\/div><\/div><div class=\"w-hwrapper usg_hwrapper_1 align_left valign_top\" style=\"--hwrapper-gap:1.2rem\"><div class=\"w-vwrapper usg_vwrapper_5 align_left valign_top\" style=\"--vwrapper-gap:0.7rem\"><div class=\"w-post-elm post_custom_field usg_post_custom_field_1 type_text standort color_link_inherit\"><span class=\"w-post-elm-before\">Standort: <\/span><span class=\"w-post-elm-value\">Go\u00dflerstra\u00dfe 10, 12161 Berlin<\/span><\/div><\/div><\/div><div class=\"w-hwrapper usg_hwrapper_4 align_left valign_top\" style=\"--hwrapper-gap:1.2rem\"><div class=\"w-vwrapper usg_vwrapper_4 align_left valign_top\" style=\"--vwrapper-gap:0.7rem\"><div class=\"w-post-elm post_custom_field usg_post_custom_field_8 type_text kurstyp color_link_inherit\"><span class=\"w-post-elm-value\">Auch als Bildungsurlaub anerkannt!<\/span><\/div><\/div><\/div><div class=\"w-hwrapper usg_hwrapper_8 align_left valign_top\" style=\"--hwrapper-gap:1.2rem\"><div class=\"w-vwrapper usg_vwrapper_11 align_left valign_top\" style=\"--vwrapper-gap:0.7rem\"><\/div><\/div><\/div><div class=\"w-vwrapper usg_vwrapper_2 align_left valign_top\" style=\"--vwrapper-gap:0\"><div class=\"w-hwrapper usg_hwrapper_7 align_left valign_top\" style=\"--hwrapper-gap:1.2rem\"><div class=\"w-post-elm post_taxonomy usg_post_taxonomy_2 has_text_color style_simple color_link_inherit\"><a class=\"term-77 term-b1-1-2\" href=\"https:\/\/www.italienisch-werkstatt.de\/en\/kurs-category\/b1-1-2\">B1.1-2<\/a><\/div><p class=\"w-post-elm post_title usg_post_title_1 has_text_color woocommerce-loop-product__title color_link_inherit\"><a href=\"https:\/\/www.italienisch-werkstatt.de\/en\/kurs\/bildungsurlaub2632\">Fortgeschritten &#8211; Superintensiv!<\/a><\/p><\/div><div class=\"w-hwrapper usg_hwrapper_3 align_left valign_middle\" style=\"--hwrapper-gap:1.2rem\"><div class=\"w-vwrapper usg_vwrapper_3 align_left valign_bottom\" style=\"--vwrapper-gap:0.7rem\"><div class=\"w-post-elm post_custom_field usg_post_custom_field_11 has_text_color type_text status color_link_inherit\"><span class=\"w-post-elm-value\">Neu<\/span><\/div><div class=\"w-post-elm post_custom_field usg_post_custom_field_5 has_text_color type_text onlineprasenz color_link_inherit\"><span class=\"w-post-elm-value\">Pr\u00e4senz-Unterricht<\/span><\/div><div class=\"w-post-elm post_custom_field usg_post_custom_field_6 type_text wann_ color_link_inherit\"><span class=\"w-post-elm-value\">T\u00e4glich von Mo bis Fr, 09:30 - 12:30 Uhr und 13:30 - 15:00 Uhr <\/span><\/div><div class=\"w-post-elm post_custom_field usg_post_custom_field_10 type_text beginn color_link_inherit\"><span class=\"w-post-elm-value\"><b>Beginn: <\/b>09.11.2026<\/span><\/div><div class=\"w-post-elm post_custom_field usg_post_custom_field_4 type_text standort color_link_inherit\"><span class=\"w-post-elm-before\">Standort: <\/span><span class=\"w-post-elm-value\">Go\u00dflerstra\u00dfe 10, 12161 Berlin<\/span><\/div><div class=\"w-post-elm post_custom_field usg_post_custom_field_7 type_text kurstyp color_link_inherit\"><span class=\"w-post-elm-value\">Auch als Bildungsurlaub anerkannt!<\/span><\/div><\/div><\/div><div class=\"w-hwrapper usg_hwrapper_6 align_left valign_bottom\" style=\"--hwrapper-gap:1.2rem\"><a class=\"w-btn us-btn-style_1 usg_btn_3 icon_atleft\" href=\"https:\/\/www.italienisch-werkstatt.de\/en\/kurs\/bildungsurlaub2632\"><i class=\"fas fa-list\"><\/i><span class=\"w-btn-label\">Info und Anmeldung<\/span><\/a><\/div><\/div>\t\t<\/div>\r\n\t\t\t<\/article>\r\n\t<article class=\"w-grid-item size_1x1 post-3433 product type-product status-publish has-post-thumbnail product_brand-praesenz product_cat-b2-1 product_tag-display product_tag-praesenz-unterricht product_tag-intensiv first outofstock virtual purchasable product-type-simple\" data-id=\"3433\">\r\n\t\t<div class=\"w-grid-item-h\">\r\n\t\t\t\t\t\t<div class=\"w-vwrapper usg_vwrapper_1 align_left valign_middle\" style=\"--vwrapper-gap:0\"><div class=\"w-hwrapper usg_hwrapper_5 align_left valign_top\" style=\"--hwrapper-gap:1.2rem\"><div class=\"w-vwrapper usg_vwrapper_8 align_left valign_top\" style=\"--vwrapper-gap:0.7rem\"><div class=\"w-hwrapper usg_hwrapper_9 align_left valign_top\" style=\"--hwrapper-gap:1.2rem\"><div class=\"w-post-elm post_taxonomy usg_post_taxonomy_1 has_text_color style_simple color_link_inherit\"><a class=\"term-44 term-b2-1\" href=\"https:\/\/www.italienisch-werkstatt.de\/en\/kurs-category\/b2-1\">B2.1<\/a><\/div><h3 class=\"w-post-elm post_title usg_post_title_2 woocommerce-loop-product__title color_link_inherit\"><a href=\"https:\/\/www.italienisch-werkstatt.de\/en\/kurs\/a12213\">Kenner I  &#8211; Intensiv<\/a><\/h3><\/div><\/div><div class=\"w-vwrapper usg_vwrapper_7 align_left valign_top\" style=\"--vwrapper-gap:0.7rem\"><div class=\"w-post-elm post_custom_field usg_post_custom_field_3 has_text_color type_text onlineprasenz color_link_inherit\"><span class=\"w-post-elm-value\">Pr\u00e4senz-Unterricht<\/span><\/div><\/div><\/div><div class=\"w-hwrapper usg_hwrapper_10 align_left valign_top\" style=\"--hwrapper-gap:1.2rem\"><div class=\"w-vwrapper usg_vwrapper_12 align_left valign_top\" style=\"--vwrapper-gap:0.7rem\"><div class=\"w-post-elm post_custom_field usg_post_custom_field_13 type_text wann_ color_link_inherit\"><span class=\"w-post-elm-value\">10 x Sa, 11:00-13:15 Uhr<\/span><\/div><\/div><div class=\"w-vwrapper usg_vwrapper_13 align_left valign_top\" style=\"--vwrapper-gap:0.7rem\"><div class=\"w-post-elm post_custom_field usg_post_custom_field_14 has_text_color type_text status color_link_inherit\"><span class=\"w-post-elm-value\"><\/span><\/div><\/div><div class=\"w-vwrapper usg_vwrapper_14 align_left valign_top\" style=\"--vwrapper-gap:0.7rem\"><a class=\"w-btn us-btn-style_1 usg_btn_2 icon_atleft\" href=\"https:\/\/www.italienisch-werkstatt.de\/en\/kurs\/a12213\"><i class=\"fas fa-list\"><\/i><span class=\"w-btn-label\">Info und Anmeldung<\/span><\/a><\/div><\/div><div class=\"w-hwrapper usg_hwrapper_2 align_left valign_top\" style=\"--hwrapper-gap:1.2rem\"><div class=\"w-vwrapper usg_vwrapper_10 align_left valign_top\" style=\"--vwrapper-gap:0.7rem\"><div class=\"w-post-elm post_custom_field usg_post_custom_field_2 type_text beginn color_link_inherit\"><span class=\"w-post-elm-value\"><b>Status: <\/b>Laufend<\/span><\/div><\/div><\/div><div class=\"w-hwrapper usg_hwrapper_1 align_left valign_top\" style=\"--hwrapper-gap:1.2rem\"><div class=\"w-vwrapper usg_vwrapper_5 align_left valign_top\" style=\"--vwrapper-gap:0.7rem\"><div class=\"w-post-elm post_custom_field usg_post_custom_field_1 type_text standort color_link_inherit\"><span class=\"w-post-elm-before\">Standort: <\/span><span class=\"w-post-elm-value\">Helmstedter Str. 7, 10717 Berlin<\/span><\/div><\/div><\/div><div class=\"w-hwrapper usg_hwrapper_4 align_left valign_top\" style=\"--hwrapper-gap:1.2rem\"><div class=\"w-vwrapper usg_vwrapper_4 align_left valign_top\" style=\"--vwrapper-gap:0.7rem\"><\/div><\/div><div class=\"w-hwrapper usg_hwrapper_8 align_left valign_top\" style=\"--hwrapper-gap:1.2rem\"><div class=\"w-vwrapper usg_vwrapper_11 align_left valign_top\" style=\"--vwrapper-gap:0.7rem\"><\/div><\/div><\/div><div class=\"w-vwrapper usg_vwrapper_2 align_left valign_top\" style=\"--vwrapper-gap:0\"><div class=\"w-hwrapper usg_hwrapper_7 align_left valign_top\" style=\"--hwrapper-gap:1.2rem\"><div class=\"w-post-elm post_taxonomy usg_post_taxonomy_2 has_text_color style_simple color_link_inherit\"><a class=\"term-44 term-b2-1\" href=\"https:\/\/www.italienisch-werkstatt.de\/en\/kurs-category\/b2-1\">B2.1<\/a><\/div><p class=\"w-post-elm post_title usg_post_title_1 has_text_color woocommerce-loop-product__title color_link_inherit\"><a href=\"https:\/\/www.italienisch-werkstatt.de\/en\/kurs\/a12213\">Kenner I  &#8211; Intensiv<\/a><\/p><\/div><div class=\"w-hwrapper usg_hwrapper_3 align_left valign_middle\" style=\"--hwrapper-gap:1.2rem\"><div class=\"w-vwrapper usg_vwrapper_3 align_left valign_bottom\" style=\"--vwrapper-gap:0.7rem\"><div class=\"w-post-elm post_custom_field usg_post_custom_field_11 has_text_color type_text status color_link_inherit\"><span class=\"w-post-elm-value\"><\/span><\/div><div class=\"w-post-elm post_custom_field usg_post_custom_field_5 has_text_color type_text onlineprasenz color_link_inherit\"><span class=\"w-post-elm-value\">Pr\u00e4senz-Unterricht<\/span><\/div><div class=\"w-post-elm post_custom_field usg_post_custom_field_6 type_text wann_ color_link_inherit\"><span class=\"w-post-elm-value\">10 x Sa, 11:00-13:15 Uhr<\/span><\/div><div class=\"w-post-elm post_custom_field usg_post_custom_field_10 type_text beginn color_link_inherit\"><span class=\"w-post-elm-value\"><b>Status: <\/b>Laufend<\/span><\/div><div class=\"w-post-elm post_custom_field usg_post_custom_field_4 type_text standort color_link_inherit\"><span class=\"w-post-elm-before\">Standort: <\/span><span class=\"w-post-elm-value\">Helmstedter Str. 7, 10717 Berlin<\/span><\/div><\/div><\/div><div class=\"w-hwrapper usg_hwrapper_6 align_left valign_bottom\" style=\"--hwrapper-gap:1.2rem\"><a class=\"w-btn us-btn-style_1 usg_btn_3 icon_atleft\" href=\"https:\/\/www.italienisch-werkstatt.de\/en\/kurs\/a12213\"><i class=\"fas fa-list\"><\/i><span class=\"w-btn-label\">Info und Anmeldung<\/span><\/a><\/div><\/div>\t\t<\/div>\r\n\t\t\t<\/article>\r\n<\/div><div class=\"g-loadmore hidden\"><div class=\"g-preloader type_1\"><div><\/div><\/div><\/div><div class=\"w-grid-list-json hidden\" onclick='return {&quot;max_num_pages&quot;:0,&quot;paginationBase&quot;:&quot;page&quot;,&quot;pagination&quot;:&quot;none&quot;,&quot;paged&quot;:1,&quot;ajaxData&quot;:{&quot;action&quot;:&quot;us_ajax_product_list&quot;,&quot;meta_type&quot;:&quot;post&quot;,&quot;object_id&quot;:0,&quot;template_vars&quot;:{&quot;shortcode_base&quot;:&quot;us_product_list&quot;,&quot;paged&quot;:1,&quot;max_num_pages&quot;:0,&quot;no_results&quot;:false,&quot;is_product_list&quot;:true,&quot;found_posts&quot;:0,&quot;per_page&quot;:999,&quot;items_count&quot;:19,&quot;orderby_random_seed&quot;:null,&quot;source&quot;:&quot;all&quot;,&quot;ids&quot;:&quot;&quot;,&quot;apply_url_params&quot;:0,&quot;onsale_only&quot;:0,&quot;featured_only&quot;:0,&quot;exclude_out_of_stock&quot;:0,&quot;exclude_hidden&quot;:1,&quot;exclude_current_product&quot;:1,&quot;exclude_prev_posts&quot;:0,&quot;enable_items_offset&quot;:0,&quot;items_offset&quot;:&quot;1&quot;,&quot;price_compare&quot;:&quot;none&quot;,&quot;price&quot;:&quot;99.99&quot;,&quot;price_max&quot;:&quot;299.99&quot;,&quot;tax_query_relation&quot;:&quot;AND&quot;,&quot;tax_query&quot;:&quot;%5B%7B%22operator%22%3A%22IN%22%2C%22taxonomy%22%3A%22product_tag%22%2C%22terms%22%3A%22129%2C130%22%2C%22include_children%22%3A%220%22%7D%2C%7B%22operator%22%3A%22IN%22%2C%22taxonomy%22%3A%22product_brand%22%2C%22terms%22%3A%22136%2C140%22%2C%22include_children%22%3A%220%22%7D%5D&quot;,&quot;meta_query_relation&quot;:&quot;none&quot;,&quot;meta_query&quot;:[{&quot;key&quot;:&quot;custom_field_name&quot;,&quot;compare&quot;:&quot;=&quot;,&quot;value&quot;:&quot;&quot;}],&quot;orderby&quot;:&quot;post__in&quot;,&quot;orderby_custom_field&quot;:&quot;&quot;,&quot;orderby_recent_sales_days&quot;:&quot;30&quot;,&quot;orderby_custom_type&quot;:0,&quot;order_invert&quot;:0,&quot;show_all&quot;:&quot;1&quot;,&quot;quantity&quot;:&quot;12&quot;,&quot;posts_per_archive_page&quot;:0,&quot;no_items_action&quot;:&quot;message&quot;,&quot;no_items_message&quot;:&quot;No results found.&quot;,&quot;no_items_page_block&quot;:&quot;&quot;,&quot;pagination&quot;:&quot;none&quot;,&quot;pagination_style&quot;:&quot;&quot;,&quot;pagination_btn_text&quot;:&quot;Load More&quot;,&quot;pagination_btn_size&quot;:&quot;&quot;,&quot;pagination_btn_style&quot;:&quot;1&quot;,&quot;pagination_btn_fullwidth&quot;:0,&quot;items_layout&quot;:&quot;1391&quot;,&quot;type&quot;:&quot;grid&quot;,&quot;items_valign&quot;:0,&quot;ignore_items_size&quot;:0,&quot;columns&quot;:&quot;1&quot;,&quot;items_gap&quot;:&quot;1.5rem&quot;,&quot;load_animation&quot;:&quot;none&quot;,&quot;items_preload_style&quot;:&quot;none&quot;,&quot;img_size&quot;:&quot;default&quot;,&quot;title_size&quot;:&quot;&quot;,&quot;items_ratio&quot;:&quot;default&quot;,&quot;items_ratio_width&quot;:&quot;21&quot;,&quot;items_ratio_height&quot;:&quot;9&quot;,&quot;overriding_link&quot;:&quot;%7B%22url%22%3A%22%22%7D&quot;,&quot;popup_page_template&quot;:&quot;0&quot;,&quot;popup_width&quot;:&quot;&quot;,&quot;popup_arrows&quot;:1,&quot;breakpoint_1_width&quot;:&quot;1381px&quot;,&quot;breakpoint_1_cols&quot;:&quot;default&quot;,&quot;breakpoint_1_quantity&quot;:&quot;&quot;,&quot;breakpoint_1_gap&quot;:&quot;&quot;,&quot;breakpoint_2_width&quot;:&quot;1025px&quot;,&quot;breakpoint_2_cols&quot;:&quot;2&quot;,&quot;breakpoint_2_quantity&quot;:&quot;&quot;,&quot;breakpoint_2_gap&quot;:&quot;&quot;,&quot;breakpoint_3_width&quot;:&quot;601px&quot;,&quot;breakpoint_3_cols&quot;:&quot;1&quot;,&quot;breakpoint_3_quantity&quot;:&quot;&quot;,&quot;breakpoint_3_gap&quot;:&quot;&quot;,&quot;conditions_operator&quot;:&quot;always&quot;,&quot;conditions&quot;:[],&quot;css&quot;:null,&quot;el_class&quot;:&quot;&quot;,&quot;el_id&quot;:&quot;&quot;,&quot;enable_custom_html_atts&quot;:0,&quot;custom_html_atts&quot;:null,&quot;hide_on_states&quot;:&quot;&quot;,&quot;hide_for_sticky&quot;:0,&quot;hide_for_not_sticky&quot;:0,&quot;hide_below&quot;:&quot;0px&quot;,&quot;hide_above&quot;:&quot;0px&quot;,&quot;classes&quot;:&quot;&quot;},&quot;found_posts&quot;:0,&quot;per_page&quot;:999},&quot;facetedFilter&quot;:[]}'><\/div><\/div><\/div><\/div><\/div><\/div><\/div><\/section>\n","protected":false},"excerpt":{"rendered":"Italienisch-Intensivkurs in Berlin:\u00a0F\u00fcr weitere Informationen zu diesem Kurs oder bei Interesse an unserem Kursprogramm klicken Sie bitte auf den Anfrage-Button. Wir \u00fcberpr\u00fcfen sofort alle Verf\u00fcgbarkeiten f\u00fcr Sie.","protected":false},"author":13,"featured_media":0,"parent":0,"menu_order":18,"comment_status":"closed","ping_status":"closed","template":"","meta":{"_acf_changed":false,"footnotes":""},"class_list":["post-5230","page","type-page","status-publish","hentry"],"acf":[],"_links":{"self":[{"href":"https:\/\/www.italienisch-werkstatt.de\/en\/wp-json\/wp\/v2\/pages\/5230","targetHints":{"allow":["GET"]}}],"collection":[{"href":"https:\/\/www.italienisch-werkstatt.de\/en\/wp-json\/wp\/v2\/pages"}],"about":[{"href":"https:\/\/www.italienisch-werkstatt.de\/en\/wp-json\/wp\/v2\/types\/page"}],"author":[{"embeddable":true,"href":"https:\/\/www.italienisch-werkstatt.de\/en\/wp-json\/wp\/v2\/users\/13"}],"replies":[{"embeddable":true,"href":"https:\/\/www.italienisch-werkstatt.de\/en\/wp-json\/wp\/v2\/comments?post=5230"}],"version-history":[{"count":13,"href":"https:\/\/www.italienisch-werkstatt.de\/en\/wp-json\/wp\/v2\/pages\/5230\/revisions"}],"predecessor-version":[{"id":8491,"href":"https:\/\/www.italienisch-werkstatt.de\/en\/wp-json\/wp\/v2\/pages\/5230\/revisions\/8491"}],"wp:attachment":[{"href":"https:\/\/www.italienisch-werkstatt.de\/en\/wp-json\/wp\/v2\/media?parent=5230"}],"curies":[{"name":"wp","href":"https:\/\/api.w.org\/{rel}","templated":true}]}}